{"version":"1.0","provider_name":"UGT Comunicaciones","provider_url":"https:\/\/www.ugtcomunicaciones.es\/wordpress","title":"An\u00e1lisis bar\u00f3metro social","type":"rich","width":600,"height":338,"html":"<blockquote class=\"wp-embedded-content\" data-secret=\"Qowue0ZYou\"><a href=\"https:\/\/www.ugtcomunicaciones.es\/wordpress\/analisis-barometro-social\/\">An\u00e1lisis bar\u00f3metro social<\/a><\/blockquote><iframe sandbox=\"allow-scripts\" security=\"restricted\" src=\"https:\/\/www.ugtcomunicaciones.es\/wordpress\/analisis-barometro-social\/embed\/#?secret=Qowue0ZYou\" width=\"600\" height=\"338\" title=\"\u00abAn\u00e1lisis bar\u00f3metro social\u00bb \u2014 UGT Comunicaciones\" data-secret=\"Qowue0ZYou\" frameborder=\"0\" marginwidth=\"0\" marginheight=\"0\" scrolling=\"no\" class=\"wp-embedded-content\"><\/iframe><script type=\"text\/javascript\">\n\/* <![CDATA[ *\/\n\/*! This file is auto-generated *\/\n!function(d,l){\"use strict\";l.querySelector&&d.addEventListener&&\"undefined\"!=typeof URL&&(d.wp=d.wp||{},d.wp.receiveEmbedMessage||(d.wp.receiveEmbedMessage=function(e){var t=e.data;if((t||t.secret||t.message||t.value)&&!\/[^a-zA-Z0-9]\/.test(t.secret)){for(var s,r,n,a=l.querySelectorAll('iframe[data-secret=\"'+t.secret+'\"]'),o=l.querySelectorAll('blockquote[data-secret=\"'+t.secret+'\"]'),c=new RegExp(\"^https?:$\",\"i\"),i=0;i<o.length;i++)o[i].style.display=\"none\";for(i=0;i<a.length;i++)s=a[i],e.source===s.contentWindow&&(s.removeAttribute(\"style\"),\"height\"===t.message?(1e3<(r=parseInt(t.value,10))?r=1e3:~~r<200&&(r=200),s.height=r):\"link\"===t.message&&(r=new URL(s.getAttribute(\"src\")),n=new URL(t.value),c.test(n.protocol))&&n.host===r.host&&l.activeElement===s&&(d.top.location.href=t.value))}},d.addEventListener(\"message\",d.wp.receiveEmbedMessage,!1),l.addEventListener(\"DOMContentLoaded\",function(){for(var e,t,s=l.querySelectorAll(\"iframe.wp-embedded-content\"),r=0;r<s.length;r++)(t=(e=s[r]).getAttribute(\"data-secret\"))||(t=Math.random().toString(36).substring(2,12),e.src+=\"#?secret=\"+t,e.setAttribute(\"data-secret\",t)),e.contentWindow.postMessage({message:\"ready\",secret:t},\"*\")},!1)))}(window,document);\n\/\/# sourceURL=https:\/\/www.ugtcomunicaciones.es\/wordpress\/wp-includes\/js\/wp-embed.min.js\n\/* ]]> *\/\n<\/script>\n","thumbnail_url":"https:\/\/www.ugtcomunicaciones.es\/wordpress\/wp-content\/uploads\/2019\/03\/barometer.png","thumbnail_width":300,"thumbnail_height":290,"description":"El pasado 18 de febrero tuvimos ocasi\u00f3n de reunirnos con la empresa para que nos detallaran los resultados del Bar\u00f3metro Social 2018. Os trasladamos el an\u00e1lisis global que realizamos desde UGT para que pod\u00e1is complementar la visi\u00f3n que os trasladen vuestras \u00c1reas y contrastar puntos de vista. No pretendemos repetir lo que ya os han [&hellip;]"}