{"version":"1.0","provider_name":"UGT Comunicaciones","provider_url":"https:\/\/www.ugtcomunicaciones.es\/wordpress","title":"Jornada UGT sobre Digitalizaci\u00f3n con CEO\u00b4s","type":"rich","width":600,"height":338,"html":"<blockquote class=\"wp-embedded-content\" data-secret=\"3mgDRXUUUV\"><a href=\"https:\/\/www.ugtcomunicaciones.es\/wordpress\/jornada-ugt-sobre-digitalizacion-con-ceos\/\">Jornada UGT sobre Digitalizaci\u00f3n con CEO\u00b4s<\/a><\/blockquote><iframe sandbox=\"allow-scripts\" security=\"restricted\" src=\"https:\/\/www.ugtcomunicaciones.es\/wordpress\/jornada-ugt-sobre-digitalizacion-con-ceos\/embed\/#?secret=3mgDRXUUUV\" width=\"600\" height=\"338\" title=\"\u00abJornada UGT sobre Digitalizaci\u00f3n con CEO\u00b4s\u00bb \u2014 UGT Comunicaciones\" data-secret=\"3mgDRXUUUV\" frameborder=\"0\" marginwidth=\"0\" marginheight=\"0\" scrolling=\"no\" class=\"wp-embedded-content\"><\/iframe><script type=\"text\/javascript\">\n\/* <![CDATA[ *\/\n\/*! This file is auto-generated *\/\n!function(d,l){\"use strict\";l.querySelector&&d.addEventListener&&\"undefined\"!=typeof URL&&(d.wp=d.wp||{},d.wp.receiveEmbedMessage||(d.wp.receiveEmbedMessage=function(e){var t=e.data;if((t||t.secret||t.message||t.value)&&!\/[^a-zA-Z0-9]\/.test(t.secret)){for(var s,r,n,a=l.querySelectorAll('iframe[data-secret=\"'+t.secret+'\"]'),o=l.querySelectorAll('blockquote[data-secret=\"'+t.secret+'\"]'),c=new RegExp(\"^https?:$\",\"i\"),i=0;i<o.length;i++)o[i].style.display=\"none\";for(i=0;i<a.length;i++)s=a[i],e.source===s.contentWindow&&(s.removeAttribute(\"style\"),\"height\"===t.message?(1e3<(r=parseInt(t.value,10))?r=1e3:~~r<200&&(r=200),s.height=r):\"link\"===t.message&&(r=new URL(s.getAttribute(\"src\")),n=new URL(t.value),c.test(n.protocol))&&n.host===r.host&&l.activeElement===s&&(d.top.location.href=t.value))}},d.addEventListener(\"message\",d.wp.receiveEmbedMessage,!1),l.addEventListener(\"DOMContentLoaded\",function(){for(var e,t,s=l.querySelectorAll(\"iframe.wp-embedded-content\"),r=0;r<s.length;r++)(t=(e=s[r]).getAttribute(\"data-secret\"))||(t=Math.random().toString(36).substring(2,12),e.src+=\"#?secret=\"+t,e.setAttribute(\"data-secret\",t)),e.contentWindow.postMessage({message:\"ready\",secret:t},\"*\")},!1)))}(window,document);\n\/\/# sourceURL=https:\/\/www.ugtcomunicaciones.es\/wordpress\/wp-includes\/js\/wp-embed.min.js\n\/* ]]> *\/\n<\/script>\n","thumbnail_url":"https:\/\/www.ugtcomunicaciones.es\/wordpress\/wp-content\/uploads\/2018\/11\/ceo4.jpg","thumbnail_width":765,"thumbnail_height":1318,"description":"El pasado d\u00eda 21 de Noviembre UGT celebr\u00f3 una jornada de debate con los principales actores en Espa\u00f1a de la Digitalizaci\u00f3n. Por UGT intervinieron los m\u00e1ximos responsables estatales del Sector, Alfredo Mesa, y de la Federaci\u00f3n, Miguel \u00c1ngel Cilleros, (en las esquinas) Por parte del Ministerio intervino Roberto S\u00e1nchez, Director General de Telecomunicaciones y Tecnolog\u00edas [&hellip;]"}