{"version":"1.0","provider_name":"UGT Comunicaciones","provider_url":"https:\/\/www.ugtcomunicaciones.es\/wordpress","title":"Propuesta sobre promoci\u00f3n y carrera profesional","type":"rich","width":600,"height":338,"html":"<blockquote class=\"wp-embedded-content\" data-secret=\"JekAsqIwG4\"><a href=\"https:\/\/www.ugtcomunicaciones.es\/wordpress\/propuesta-promocion-carrera-profesional\/\">Propuesta sobre promoci\u00f3n y carrera profesional<\/a><\/blockquote><iframe sandbox=\"allow-scripts\" security=\"restricted\" src=\"https:\/\/www.ugtcomunicaciones.es\/wordpress\/propuesta-promocion-carrera-profesional\/embed\/#?secret=JekAsqIwG4\" width=\"600\" height=\"338\" title=\"\u00abPropuesta sobre promoci\u00f3n y carrera profesional\u00bb \u2014 UGT Comunicaciones\" data-secret=\"JekAsqIwG4\" frameborder=\"0\" marginwidth=\"0\" marginheight=\"0\" scrolling=\"no\" class=\"wp-embedded-content\"><\/iframe><script type=\"text\/javascript\">\n\/* <![CDATA[ *\/\n\/*! This file is auto-generated *\/\n!function(d,l){\"use strict\";l.querySelector&&d.addEventListener&&\"undefined\"!=typeof URL&&(d.wp=d.wp||{},d.wp.receiveEmbedMessage||(d.wp.receiveEmbedMessage=function(e){var t=e.data;if((t||t.secret||t.message||t.value)&&!\/[^a-zA-Z0-9]\/.test(t.secret)){for(var s,r,n,a=l.querySelectorAll('iframe[data-secret=\"'+t.secret+'\"]'),o=l.querySelectorAll('blockquote[data-secret=\"'+t.secret+'\"]'),c=new RegExp(\"^https?:$\",\"i\"),i=0;i<o.length;i++)o[i].style.display=\"none\";for(i=0;i<a.length;i++)s=a[i],e.source===s.contentWindow&&(s.removeAttribute(\"style\"),\"height\"===t.message?(1e3<(r=parseInt(t.value,10))?r=1e3:~~r<200&&(r=200),s.height=r):\"link\"===t.message&&(r=new URL(s.getAttribute(\"src\")),n=new URL(t.value),c.test(n.protocol))&&n.host===r.host&&l.activeElement===s&&(d.top.location.href=t.value))}},d.addEventListener(\"message\",d.wp.receiveEmbedMessage,!1),l.addEventListener(\"DOMContentLoaded\",function(){for(var e,t,s=l.querySelectorAll(\"iframe.wp-embedded-content\"),r=0;r<s.length;r++)(t=(e=s[r]).getAttribute(\"data-secret\"))||(t=Math.random().toString(36).substring(2,12),e.src+=\"#?secret=\"+t,e.setAttribute(\"data-secret\",t)),e.contentWindow.postMessage({message:\"ready\",secret:t},\"*\")},!1)))}(window,document);\n\/\/# sourceURL=https:\/\/www.ugtcomunicaciones.es\/wordpress\/wp-includes\/js\/wp-embed.min.js\n\/* ]]> *\/\n<\/script>\n","thumbnail_url":"https:\/\/www.ugtcomunicaciones.es\/wordpress\/wp-content\/uploads\/2017\/02\/categorias_orange.png","thumbnail_width":600,"thumbnail_height":393,"description":"Pod\u00e9is consultar la propuesta concreta firmada por Orange AQU\u00cd. La empresa siempre ha transmitido que no quiere implantar un sistema autom\u00e1tico de reconocimiento de antig\u00fcedad para que se traduzca en promoci\u00f3n profesional directa. Y los trabajadores demandan que su empresa reconozca las capacidades, conocimientos y tareas de responsabilidad que van asumiendo. Hay mimbres para desarrollar [&hellip;]"}