{"id":275854,"date":"2019-01-21T12:34:06","date_gmt":"2019-01-21T10:34:06","guid":{"rendered":"http:\/\/ugtcomunicaciones.es\/wordpress\/?page_id=275854"},"modified":"2019-01-22T12:48:53","modified_gmt":"2019-01-22T10:48:53","slug":"multimedia","status":"publish","type":"page","link":"https:\/\/www.ugtcomunicaciones.es\/wordpress\/sindicato-ugt-comunicaciones-telefonica-vodafone-orange-telyco\/multimedia\/","title":{"rendered":"Multimedia"},"content":{"rendered":"<div class=\"wpb-content-wrapper\"><div id=\"tdi_1\" class=\"tdc-row\"><div class=\"vc_row tdi_2  wpb_row td-pb-row\" >\n<style scoped>\n\/* custom css - generated by TagDiv Composer *\/\n\n\/* custom css - generated by TagDiv Composer *\/\n.tdi_2,\r\n                .tdi_2 .tdc-columns{\r\n                    min-height: 0;\r\n                }\n<\/style><div class=\"vc_column tdi_4  wpb_column vc_column_container tdc-column td-pb-span8\">\n<style scoped>\n\/* custom css - generated by TagDiv Composer *\/\n\n\/* custom css - generated by TagDiv Composer *\/\n.tdi_4{\r\n                    vertical-align: baseline;\r\n                }\n<\/style><div class=\"wpb_wrapper\" ><div class=\"wpb_wrapper td_block_wrap vc_widget_sidebar tdi_6 \" ><aside class=\"td_block_template_1 widget widget_block\">\n<div class=\"wp-block-group\"><div class=\"wp-block-group__inner-container\">\n<p><\/p>\n\n\n\n<h3 class=\"wp-block-heading has-text-align-center\" id=\"afiliate-a-ugt-1\"><strong><mark style=\"background-color:rgba(0, 0, 0, 0)\" class=\"has-inline-color has-vivid-red-color\">Af\u00edliate a UGT<\/mark><\/strong><\/h3>\n\n\n<div class=\"wp-block-image\">\n<figure class=\"aligncenter size-full\"><a href=\"https:\/\/ugt.es\/ficha-de-afiliacion\" target=\"_blank\"><img decoding=\"async\" width=\"400\" height=\"400\" data-src=\"https:\/\/www.ugtcomunicaciones.es\/wordpress\/wp-content\/uploads\/2022\/02\/Aafiliacion.gif\" alt=\"\" class=\"wp-image-963945 lazyload\" src=\"data:image\/svg+xml;base64,PHN2ZyB3aWR0aD0iMSIgaGVpZ2h0PSIxIiB4bWxucz0iaHR0cDovL3d3dy53My5vcmcvMjAwMC9zdmciPjwvc3ZnPg==\" style=\"--smush-placeholder-width: 400px; --smush-placeholder-aspect-ratio: 400\/400;\" \/><\/a><\/figure>\n<\/div><\/div><\/div>\n<\/aside><\/div><\/div><\/div><div class=\"vc_column tdi_8  wpb_column vc_column_container tdc-column td-pb-span4\">\n<style scoped>\n\/* custom css - generated by TagDiv Composer *\/\n\n\/* custom css - generated by TagDiv Composer *\/\n.tdi_8{\r\n                    vertical-align: baseline;\r\n                }\n<\/style><div class=\"wpb_wrapper\" ><div class=\"td_block_wrap td_block_social_counter tdi_9 td-pb-border-top td_block_template_1\"><div class=\"td-block-title-wrap\"><h4 class=\"block-title\"><span class=\"td-pulldown-size\">Redes Sociales<\/span><\/h4><\/div><div class=\"td-social-list\"><div class=\"td_social_type td-pb-margin-side td_social_facebook\"><div class=\"td-social-box\"><div class=\"td-sp td-sp-facebook\"><\/div><span class=\"td_social_info td_social_info_counter\">990<\/span><span class=\"td_social_info td_social_info_name\">Fans<\/span><span class=\"td_social_button\"><a href=\"https:\/\/www.facebook.com\/ugt.comunicaciones\"  target=\"_blank\" >Me gusta<\/a><\/span><\/div><\/div><div class=\"td_social_type td-pb-margin-side td_social_twitter\"><div class=\"td-social-box\"><div class=\"td-sp td-sp-twitter\"><\/div><span class=\"td_social_info td_social_info_counter\">3,042<\/span><span class=\"td_social_info td_social_info_name\">Seguidores<\/span><span class=\"td_social_button\"><a href=\"https:\/\/twitter.com\/ugtcom\"  target=\"_blank\" >Seguir<\/a><\/span><\/div><\/div><\/div><\/div><div class=\"wpb_wrapper td_block_wrap vc_raw_html tdi_11 \"><div class=\"td-fix-index\"><div class=\"td-all-devices\"><a href=\"http:\/\/www.ugtcomunicaciones.es\/wordpress\/wp-content\/uploads\/2019\/01\/calendario-laboral-2019.jpg\" target=\"_blank\" ><img decoding=\"async\" data-src=\"http:\/\/www.ugtcomunicaciones.es\/wordpress\/wp-content\/uploads\/2019\/01\/2019.jpg\" src=\"data:image\/svg+xml;base64,PHN2ZyB3aWR0aD0iMSIgaGVpZ2h0PSIxIiB4bWxucz0iaHR0cDovL3d3dy53My5vcmcvMjAwMC9zdmciPjwvc3ZnPg==\" class=\"lazyload\" \/><\/a>\n\t<br><br><\/div>\n<\/div><\/div><div class=\"td_block_wrap td_block_9 tdi_12 td-pb-border-top td_block_template_1\"  data-td-block-uid=\"tdi_12\" ><script>var block_tdi_12 = new tdBlock();\nblock_tdi_12.id = \"tdi_12\";\nblock_tdi_12.atts = '{\"custom_title\":\"+ Noticias\",\"sort\":\"random_posts\",\"block_type\":\"td_block_9\",\"separator\":\"\",\"custom_url\":\"\",\"title_tag\":\"\",\"block_template_id\":\"\",\"border_top\":\"\",\"color_preset\":\"\",\"m8_tl\":\"\",\"m8_title_tag\":\"\",\"post_ids\":\"\",\"category_id\":\"\",\"category_ids\":\"\",\"tag_slug\":\"\",\"autors_id\":\"\",\"installed_post_types\":\"\",\"limit\":\"5\",\"offset\":\"\",\"open_in_new_window\":\"\",\"show_modified_date\":\"\",\"video_popup\":\"\",\"video_rec\":\"\",\"video_rec_title\":\"\",\"show_vid_t\":\"block\",\"el_class\":\"\",\"td_ajax_filter_type\":\"\",\"td_ajax_filter_ids\":\"\",\"td_filter_default_txt\":\"All\",\"td_ajax_preloading\":\"\",\"f_header_font_header\":\"\",\"f_header_font_title\":\"Block header\",\"f_header_font_settings\":\"\",\"f_header_font_family\":\"\",\"f_header_font_size\":\"\",\"f_header_font_line_height\":\"\",\"f_header_font_style\":\"\",\"f_header_font_weight\":\"\",\"f_header_font_transform\":\"\",\"f_header_font_spacing\":\"\",\"f_header_\":\"\",\"f_ajax_font_title\":\"Ajax categories\",\"f_ajax_font_settings\":\"\",\"f_ajax_font_family\":\"\",\"f_ajax_font_size\":\"\",\"f_ajax_font_line_height\":\"\",\"f_ajax_font_style\":\"\",\"f_ajax_font_weight\":\"\",\"f_ajax_font_transform\":\"\",\"f_ajax_font_spacing\":\"\",\"f_ajax_\":\"\",\"f_more_font_title\":\"Load more button\",\"f_more_font_settings\":\"\",\"f_more_font_family\":\"\",\"f_more_font_size\":\"\",\"f_more_font_line_height\":\"\",\"f_more_font_style\":\"\",\"f_more_font_weight\":\"\",\"f_more_font_transform\":\"\",\"f_more_font_spacing\":\"\",\"f_more_\":\"\",\"m8f_title_font_header\":\"\",\"m8f_title_font_title\":\"Article title\",\"m8f_title_font_settings\":\"\",\"m8f_title_font_family\":\"\",\"m8f_title_font_size\":\"\",\"m8f_title_font_line_height\":\"\",\"m8f_title_font_style\":\"\",\"m8f_title_font_weight\":\"\",\"m8f_title_font_transform\":\"\",\"m8f_title_font_spacing\":\"\",\"m8f_title_\":\"\",\"m8f_cat_font_title\":\"Article category tag\",\"m8f_cat_font_settings\":\"\",\"m8f_cat_font_family\":\"\",\"m8f_cat_font_size\":\"\",\"m8f_cat_font_line_height\":\"\",\"m8f_cat_font_style\":\"\",\"m8f_cat_font_weight\":\"\",\"m8f_cat_font_transform\":\"\",\"m8f_cat_font_spacing\":\"\",\"m8f_cat_\":\"\",\"m8f_meta_font_title\":\"Article meta info\",\"m8f_meta_font_settings\":\"\",\"m8f_meta_font_family\":\"\",\"m8f_meta_font_size\":\"\",\"m8f_meta_font_line_height\":\"\",\"m8f_meta_font_style\":\"\",\"m8f_meta_font_weight\":\"\",\"m8f_meta_font_transform\":\"\",\"m8f_meta_font_spacing\":\"\",\"m8f_meta_\":\"\",\"ajax_pagination\":\"\",\"ajax_pagination_infinite_stop\":\"\",\"css\":\"\",\"tdc_css\":\"\",\"td_column_number\":1,\"header_color\":\"\",\"ajax_pagination_next_prev_swipe\":\"\",\"class\":\"tdi_12\",\"tdc_css_class\":\"tdi_12\",\"tdc_css_class_style\":\"tdi_12_rand_style\"}';\nblock_tdi_12.td_column_number = \"1\";\nblock_tdi_12.block_type = \"td_block_9\";\nblock_tdi_12.post_count = \"5\";\nblock_tdi_12.found_posts = \"1912\";\nblock_tdi_12.header_color = \"\";\nblock_tdi_12.ajax_pagination_infinite_stop = \"\";\nblock_tdi_12.max_num_pages = \"383\";\ntdBlocksArray.push(block_tdi_12);\n<\/script><h4 class=\"block-title\"><span class=\"td-pulldown-size\">+ Noticias<\/span><\/h4><div id=tdi_12 class=\"td_block_inner\">\n\n\t<div class=\"td-block-span12\">\n\r\n        <div class=\"td_module_8 td_module_wrap td-cpt-post\">\r\n\r\n            <div class=\"item-details\">\r\n\r\n                <h3 class=\"entry-title td-module-title\"><a href=\"https:\/\/www.ugtcomunicaciones.es\/wordpress\/graficos-cifras-y-frases-de-la-quincena-vol-113\/\"  rel=\"bookmark\" title=\"Gr\u00e1ficos, cifras y frases de la quincena Vol.113\">Gr\u00e1ficos, cifras y frases de la quincena Vol.113<\/a><\/h3>                <div class=\"meta-info\">\r\n                    <a href=\"https:\/\/www.ugtcomunicaciones.es\/wordpress\/category\/regulacion\/mercado-comunicaciones\/\" class=\"td-post-category\" >Mercado Comunicaciones<\/a>                                                            <span class=\"td-post-date\"><time class=\"entry-date updated td-module-date\" datetime=\"2019-01-01T06:00:40+01:00\" >1 de enero de 2019<\/time><\/span>                                    <\/div>\r\n            <\/div>\r\n\r\n        <\/div>\r\n\r\n        \n\t<\/div> <!-- .\/td-block-span12 -->\n\n\t<div class=\"td-block-span12\">\n\r\n        <div class=\"td_module_8 td_module_wrap td-cpt-post\">\r\n\r\n            <div class=\"item-details\">\r\n\r\n                <h3 class=\"entry-title td-module-title\"><a href=\"https:\/\/www.ugtcomunicaciones.es\/wordpress\/mismas-normas-para-todos-ugt-y-secretaria-de-estado-de-digitalizacion-comparten-puntos-de-vista-sobre-el-futuro-digital\/\"  rel=\"bookmark\" title=\"Mismas normas para todos: UGT y Secretar\u00eda de Estado de Digitalizaci\u00f3n comparten puntos de vista sobre el futuro digital\">Mismas normas para todos: UGT y Secretar\u00eda de Estado de Digitalizaci\u00f3n comparten puntos de...<\/a><\/h3>                <div class=\"meta-info\">\r\n                    <a href=\"https:\/\/www.ugtcomunicaciones.es\/wordpress\/category\/regulacion\/mercado-comunicaciones\/\" class=\"td-post-category\" >Mercado Comunicaciones<\/a>                                                            <span class=\"td-post-date\"><time class=\"entry-date updated td-module-date\" datetime=\"2021-02-10T14:03:29+01:00\" >10 de febrero de 2021<\/time><\/span>                                    <\/div>\r\n            <\/div>\r\n\r\n        <\/div>\r\n\r\n        \n\t<\/div> <!-- .\/td-block-span12 -->\n\n\t<div class=\"td-block-span12\">\n\r\n        <div class=\"td_module_8 td_module_wrap td-cpt-post\">\r\n\r\n            <div class=\"item-details\">\r\n\r\n                <h3 class=\"entry-title td-module-title\"><a href=\"https:\/\/www.ugtcomunicaciones.es\/wordpress\/resultados-elecciones-por-provincias\/\"  rel=\"bookmark\" title=\"Resultados Elecciones por provincias\">Resultados Elecciones por provincias<\/a><\/h3>                <div class=\"meta-info\">\r\n                    <a href=\"https:\/\/www.ugtcomunicaciones.es\/wordpress\/category\/telefonica-cev\/\" class=\"td-post-category\" >Telef\u00f3nica CEV<\/a>                                                            <span class=\"td-post-date\"><time class=\"entry-date updated td-module-date\" datetime=\"2019-05-23T20:24:14+01:00\" >23 de mayo de 2019<\/time><\/span>                                    <\/div>\r\n            <\/div>\r\n\r\n        <\/div>\r\n\r\n        \n\t<\/div> <!-- .\/td-block-span12 -->\n\n\t<div class=\"td-block-span12\">\n\r\n        <div class=\"td_module_8 td_module_wrap td-cpt-post\">\r\n\r\n            <div class=\"item-details\">\r\n\r\n                <h3 class=\"entry-title td-module-title\"><a href=\"https:\/\/www.ugtcomunicaciones.es\/wordpress\/graficos-cifras-frases-la-quincena-vol-85\/\"  rel=\"bookmark\" title=\"Gr\u00e1ficos, cifras y frases de la quincena vol.85\">Gr\u00e1ficos, cifras y frases de la quincena vol.85<\/a><\/h3>                <div class=\"meta-info\">\r\n                    <a href=\"https:\/\/www.ugtcomunicaciones.es\/wordpress\/category\/regulacion\/mercado-comunicaciones\/\" class=\"td-post-category\" >Mercado Comunicaciones<\/a>                                                            <span class=\"td-post-date\"><time class=\"entry-date updated td-module-date\" datetime=\"2017-11-13T07:00:26+01:00\" >13 de noviembre de 2017<\/time><\/span>                                    <\/div>\r\n            <\/div>\r\n\r\n        <\/div>\r\n\r\n        \n\t<\/div> <!-- .\/td-block-span12 -->\n\n\t<div class=\"td-block-span12\">\n\r\n        <div class=\"td_module_8 td_module_wrap td-cpt-post\">\r\n\r\n            <div class=\"item-details\">\r\n\r\n                <h3 class=\"entry-title td-module-title\"><a href=\"https:\/\/www.ugtcomunicaciones.es\/wordpress\/renting-empleados\/\"  rel=\"bookmark\" title=\"Renting\">Renting<\/a><\/h3>                <div class=\"meta-info\">\r\n                    <a href=\"https:\/\/www.ugtcomunicaciones.es\/wordpress\/category\/orange\/\" class=\"td-post-category\" >Grupo MasOrange<\/a>                                                            <span class=\"td-post-date\"><time class=\"entry-date updated td-module-date\" datetime=\"2017-07-28T14:04:11+01:00\" >28 de julio de 2017<\/time><\/span>                                    <\/div>\r\n            <\/div>\r\n\r\n        <\/div>\r\n\r\n        \n\t<\/div> <!-- .\/td-block-span12 --><\/div><\/div> <!-- .\/block --><\/div><\/div><\/div><\/div><\/div>","protected":false},"excerpt":{"rendered":"Af\u00edliate a UGT Redes Sociales990FansMe gusta3,042SeguidoresSeguir + Noticias C.I: los trabajadores de TdE est\u00e1n cualificados para votar en el colegio I Telef\u00f3nica CEV 20 de febrero de 2019 Calendario laboral 2021 Grupo MasOrange 4 de diciembre de 2020 El G20 analiza la brecha digital de g\u00e9nero Competencia 14 de enero de 2019 Indicador digital europeo: [...]","protected":false},"author":3,"featured_media":0,"parent":39,"menu_order":0,"comment_status":"closed","ping_status":"closed","template":"","meta":{"footnotes":""},"class_list":["post-275854","page","type-page","status-publish","hentry"],"yoast_head":"<!-- This site is optimized with the Yoast SEO Premium plugin v27.3 (Yoast SEO v27.4) - https:\/\/yoast.com\/product\/yoast-seo-premium-wordpress\/ -->\n<title>Multimedia - UGT Comunicaciones<\/title>\n<meta name=\"robots\" content=\"index, follow, max-snippet:-1, max-image-preview:large, max-video-preview:-1\" \/>\n<link rel=\"canonical\" href=\"https:\/\/www.ugtcomunicaciones.es\/wordpress\/sindicato-ugt-comunicaciones-telefonica-vodafone-orange-telyco\/multimedia\/\" \/>\n<meta property=\"og:locale\" content=\"es_ES\" \/>\n<meta property=\"og:type\" content=\"article\" \/>\n<meta property=\"og:title\" content=\"Multimedia\" \/>\n<meta property=\"og:url\" content=\"https:\/\/www.ugtcomunicaciones.es\/wordpress\/sindicato-ugt-comunicaciones-telefonica-vodafone-orange-telyco\/multimedia\/\" \/>\n<meta property=\"og:site_name\" content=\"UGT Comunicaciones\" \/>\n<meta property=\"article:publisher\" content=\"https:\/\/www.facebook.com\/ugt.comunicaciones\/\" \/>\n<meta property=\"article:modified_time\" content=\"2019-01-22T10:48:53+00:00\" \/>\n<meta property=\"og:image\" content=\"https:\/\/www.ugtcomunicaciones.es\/wordpress\/wp-content\/uploads\/2021\/07\/cropped-logo_icon_web.png\" \/>\n\t<meta property=\"og:image:width\" content=\"512\" \/>\n\t<meta property=\"og:image:height\" content=\"512\" \/>\n\t<meta property=\"og:image:type\" content=\"image\/png\" \/>\n<meta name=\"twitter:card\" content=\"summary_large_image\" \/>\n<meta name=\"twitter:site\" content=\"@ugtcom\" \/>\n<meta name=\"twitter:label1\" content=\"Tiempo de lectura\" \/>\n\t<meta name=\"twitter:data1\" content=\"1 minuto\" \/>\n<script type=\"application\/ld+json\" class=\"yoast-schema-graph\">{\"@context\":\"https:\\\/\\\/schema.org\",\"@graph\":[{\"@type\":\"WebPage\",\"@id\":\"https:\\\/\\\/www.ugtcomunicaciones.es\\\/wordpress\\\/sindicato-ugt-comunicaciones-telefonica-vodafone-orange-telyco\\\/multimedia\\\/\",\"url\":\"https:\\\/\\\/www.ugtcomunicaciones.es\\\/wordpress\\\/sindicato-ugt-comunicaciones-telefonica-vodafone-orange-telyco\\\/multimedia\\\/\",\"name\":\"Multimedia - UGT Comunicaciones\",\"isPartOf\":{\"@id\":\"https:\\\/\\\/www.ugtcomunicaciones.es\\\/wordpress\\\/#website\"},\"datePublished\":\"2019-01-21T10:34:06+00:00\",\"dateModified\":\"2019-01-22T10:48:53+00:00\",\"breadcrumb\":{\"@id\":\"https:\\\/\\\/www.ugtcomunicaciones.es\\\/wordpress\\\/sindicato-ugt-comunicaciones-telefonica-vodafone-orange-telyco\\\/multimedia\\\/#breadcrumb\"},\"inLanguage\":\"es\",\"potentialAction\":[{\"@type\":\"ReadAction\",\"target\":[\"https:\\\/\\\/www.ugtcomunicaciones.es\\\/wordpress\\\/sindicato-ugt-comunicaciones-telefonica-vodafone-orange-telyco\\\/multimedia\\\/\"]}]},{\"@type\":\"BreadcrumbList\",\"@id\":\"https:\\\/\\\/www.ugtcomunicaciones.es\\\/wordpress\\\/sindicato-ugt-comunicaciones-telefonica-vodafone-orange-telyco\\\/multimedia\\\/#breadcrumb\",\"itemListElement\":[{\"@type\":\"ListItem\",\"position\":1,\"name\":\"Portada\",\"item\":\"https:\\\/\\\/www.ugtcomunicaciones.es\\\/wordpress\\\/\"},{\"@type\":\"ListItem\",\"position\":2,\"name\":\"Sindicato UGT Comunicaciones Telef\u00f3nica Vodafone Orange Telyco\",\"item\":\"https:\\\/\\\/www.ugtcomunicaciones.es\\\/wordpress\\\/sindicato-ugt-comunicaciones-telefonica-vodafone-orange-telyco\\\/\"},{\"@type\":\"ListItem\",\"position\":3,\"name\":\"Multimedia\"}]},{\"@type\":\"WebSite\",\"@id\":\"https:\\\/\\\/www.ugtcomunicaciones.es\\\/wordpress\\\/#website\",\"url\":\"https:\\\/\\\/www.ugtcomunicaciones.es\\\/wordpress\\\/\",\"name\":\"UGT Comunicaciones\",\"description\":\"Sindicato de Telecomunicaciones\",\"publisher\":{\"@id\":\"https:\\\/\\\/www.ugtcomunicaciones.es\\\/wordpress\\\/#organization\"},\"potentialAction\":[{\"@type\":\"SearchAction\",\"target\":{\"@type\":\"EntryPoint\",\"urlTemplate\":\"https:\\\/\\\/www.ugtcomunicaciones.es\\\/wordpress\\\/?s={search_term_string}\"},\"query-input\":{\"@type\":\"PropertyValueSpecification\",\"valueRequired\":true,\"valueName\":\"search_term_string\"}}],\"inLanguage\":\"es\"},{\"@type\":\"Organization\",\"@id\":\"https:\\\/\\\/www.ugtcomunicaciones.es\\\/wordpress\\\/#organization\",\"name\":\"UGT Comunicaciones\",\"url\":\"https:\\\/\\\/www.ugtcomunicaciones.es\\\/wordpress\\\/\",\"logo\":{\"@type\":\"ImageObject\",\"inLanguage\":\"es\",\"@id\":\"https:\\\/\\\/www.ugtcomunicaciones.es\\\/wordpress\\\/#\\\/schema\\\/logo\\\/image\\\/\",\"url\":\"https:\\\/\\\/www.ugtcomunicaciones.es\\\/wordpress\\\/wp-content\\\/uploads\\\/2024\\\/04\\\/comunicaciones_logo.png\",\"contentUrl\":\"https:\\\/\\\/www.ugtcomunicaciones.es\\\/wordpress\\\/wp-content\\\/uploads\\\/2024\\\/04\\\/comunicaciones_logo.png\",\"width\":298,\"height\":81,\"caption\":\"UGT Comunicaciones\"},\"image\":{\"@id\":\"https:\\\/\\\/www.ugtcomunicaciones.es\\\/wordpress\\\/#\\\/schema\\\/logo\\\/image\\\/\"},\"sameAs\":[\"https:\\\/\\\/www.facebook.com\\\/ugt.comunicaciones\\\/\",\"https:\\\/\\\/x.com\\\/ugtcom\"]}]}<\/script>\n<!-- \/ Yoast SEO Premium plugin. -->","yoast_head_json":{"title":"Multimedia - UGT Comunicaciones","robots":{"index":"index","follow":"follow","max-snippet":"max-snippet:-1","max-image-preview":"max-image-preview:large","max-video-preview":"max-video-preview:-1"},"canonical":"https:\/\/www.ugtcomunicaciones.es\/wordpress\/sindicato-ugt-comunicaciones-telefonica-vodafone-orange-telyco\/multimedia\/","og_locale":"es_ES","og_type":"article","og_title":"Multimedia","og_url":"https:\/\/www.ugtcomunicaciones.es\/wordpress\/sindicato-ugt-comunicaciones-telefonica-vodafone-orange-telyco\/multimedia\/","og_site_name":"UGT Comunicaciones","article_publisher":"https:\/\/www.facebook.com\/ugt.comunicaciones\/","article_modified_time":"2019-01-22T10:48:53+00:00","og_image":[{"width":512,"height":512,"url":"https:\/\/www.ugtcomunicaciones.es\/wordpress\/wp-content\/uploads\/2021\/07\/cropped-logo_icon_web.png","type":"image\/png"}],"twitter_card":"summary_large_image","twitter_site":"@ugtcom","twitter_misc":{"Tiempo de lectura":"1 minuto"},"schema":{"@context":"https:\/\/schema.org","@graph":[{"@type":"WebPage","@id":"https:\/\/www.ugtcomunicaciones.es\/wordpress\/sindicato-ugt-comunicaciones-telefonica-vodafone-orange-telyco\/multimedia\/","url":"https:\/\/www.ugtcomunicaciones.es\/wordpress\/sindicato-ugt-comunicaciones-telefonica-vodafone-orange-telyco\/multimedia\/","name":"Multimedia - UGT Comunicaciones","isPartOf":{"@id":"https:\/\/www.ugtcomunicaciones.es\/wordpress\/#website"},"datePublished":"2019-01-21T10:34:06+00:00","dateModified":"2019-01-22T10:48:53+00:00","breadcrumb":{"@id":"https:\/\/www.ugtcomunicaciones.es\/wordpress\/sindicato-ugt-comunicaciones-telefonica-vodafone-orange-telyco\/multimedia\/#breadcrumb"},"inLanguage":"es","potentialAction":[{"@type":"ReadAction","target":["https:\/\/www.ugtcomunicaciones.es\/wordpress\/sindicato-ugt-comunicaciones-telefonica-vodafone-orange-telyco\/multimedia\/"]}]},{"@type":"BreadcrumbList","@id":"https:\/\/www.ugtcomunicaciones.es\/wordpress\/sindicato-ugt-comunicaciones-telefonica-vodafone-orange-telyco\/multimedia\/#breadcrumb","itemListElement":[{"@type":"ListItem","position":1,"name":"Portada","item":"https:\/\/www.ugtcomunicaciones.es\/wordpress\/"},{"@type":"ListItem","position":2,"name":"Sindicato UGT Comunicaciones Telef\u00f3nica Vodafone Orange Telyco","item":"https:\/\/www.ugtcomunicaciones.es\/wordpress\/sindicato-ugt-comunicaciones-telefonica-vodafone-orange-telyco\/"},{"@type":"ListItem","position":3,"name":"Multimedia"}]},{"@type":"WebSite","@id":"https:\/\/www.ugtcomunicaciones.es\/wordpress\/#website","url":"https:\/\/www.ugtcomunicaciones.es\/wordpress\/","name":"UGT Comunicaciones","description":"Sindicato de Telecomunicaciones","publisher":{"@id":"https:\/\/www.ugtcomunicaciones.es\/wordpress\/#organization"},"potentialAction":[{"@type":"SearchAction","target":{"@type":"EntryPoint","urlTemplate":"https:\/\/www.ugtcomunicaciones.es\/wordpress\/?s={search_term_string}"},"query-input":{"@type":"PropertyValueSpecification","valueRequired":true,"valueName":"search_term_string"}}],"inLanguage":"es"},{"@type":"Organization","@id":"https:\/\/www.ugtcomunicaciones.es\/wordpress\/#organization","name":"UGT Comunicaciones","url":"https:\/\/www.ugtcomunicaciones.es\/wordpress\/","logo":{"@type":"ImageObject","inLanguage":"es","@id":"https:\/\/www.ugtcomunicaciones.es\/wordpress\/#\/schema\/logo\/image\/","url":"https:\/\/www.ugtcomunicaciones.es\/wordpress\/wp-content\/uploads\/2024\/04\/comunicaciones_logo.png","contentUrl":"https:\/\/www.ugtcomunicaciones.es\/wordpress\/wp-content\/uploads\/2024\/04\/comunicaciones_logo.png","width":298,"height":81,"caption":"UGT Comunicaciones"},"image":{"@id":"https:\/\/www.ugtcomunicaciones.es\/wordpress\/#\/schema\/logo\/image\/"},"sameAs":["https:\/\/www.facebook.com\/ugt.comunicaciones\/","https:\/\/x.com\/ugtcom"]}]}},"_links":{"self":[{"href":"https:\/\/www.ugtcomunicaciones.es\/wordpress\/wp-json\/wp\/v2\/pages\/275854","targetHints":{"allow":["GET"]}}],"collection":[{"href":"https:\/\/www.ugtcomunicaciones.es\/wordpress\/wp-json\/wp\/v2\/pages"}],"about":[{"href":"https:\/\/www.ugtcomunicaciones.es\/wordpress\/wp-json\/wp\/v2\/types\/page"}],"author":[{"embeddable":true,"href":"https:\/\/www.ugtcomunicaciones.es\/wordpress\/wp-json\/wp\/v2\/users\/3"}],"replies":[{"embeddable":true,"href":"https:\/\/www.ugtcomunicaciones.es\/wordpress\/wp-json\/wp\/v2\/comments?post=275854"}],"version-history":[{"count":0,"href":"https:\/\/www.ugtcomunicaciones.es\/wordpress\/wp-json\/wp\/v2\/pages\/275854\/revisions"}],"up":[{"embeddable":true,"href":"https:\/\/www.ugtcomunicaciones.es\/wordpress\/wp-json\/wp\/v2\/pages\/39"}],"wp:attachment":[{"href":"https:\/\/www.ugtcomunicaciones.es\/wordpress\/wp-json\/wp\/v2\/media?parent=275854"}],"curies":[{"name":"wp","href":"https:\/\/api.w.org\/{rel}","templated":true}]}}