{"id":857512,"date":"2021-07-08T16:08:10","date_gmt":"2021-07-08T14:08:10","guid":{"rendered":"https:\/\/www.ugtcomunicaciones.es\/wordpress\/?page_id=857512"},"modified":"2025-11-24T10:27:31","modified_gmt":"2025-11-24T09:27:31","slug":"sindicato-ugt-comunicaciones","status":"publish","type":"page","link":"https:\/\/www.ugtcomunicaciones.es\/wordpress\/","title":{"rendered":"Sindicato UGT Comunicaciones Telef\u00f3nica Vodafone MasOrange Telyco DIGI"},"content":{"rendered":"<div class=\"wpb-content-wrapper\"><div id=\"tdi_1\" class=\"tdc-zone\"><div class=\"tdc_zone tdi_2 \"  >\n<style scoped>\n\/* custom css - generated by TagDiv Composer *\/\n\n\/* custom css - generated by TagDiv Composer *\/\n.tdi_2{\r\n                    min-height: 0;\r\n                }\n<\/style><div id=\"tdi_3\" class=\"tdc-row\"><div class=\"vc_row vc_custom_1684956733761 tdi_4  wpb_row td-pb-row\" >\n<style scoped>\n\/* custom css - generated by TagDiv Composer *\/\n\n\/* tdc_composer_block - inline css att *\/\n.vc_custom_1684956733761{padding-top: 10px !important;}\n\/* custom css - generated by TagDiv Composer *\/\n.tdi_4,\r\n                .tdi_4 .tdc-columns{\r\n                    min-height: 0;\r\n                }\n<\/style><div class=\"vc_column tdi_6  wpb_column vc_column_container tdc-column td-pb-span12\">\n<style scoped>\n\/* custom css - generated by TagDiv Composer *\/\n\n\/* custom css - generated by TagDiv Composer *\/\n.tdi_6{\r\n                    vertical-align: baseline;\r\n                }\n<\/style><div class=\"wpb_wrapper\" ><div class=\"td_block_wrap td_block_big_grid vc_custom_1670935241689 tdi_7 td-grid-style-1 td-hover-1 td-big-grids td-pb-border-top td_block_template_1\"  data-td-block-uid=\"tdi_7\" >\n<style>\n\/* custom css - generated by TagDiv Composer *\/\n.tdi_7 .td-post-vid-time{\r\n\t\t\t\t\tdisplay: block;\r\n\t\t\t\t}\n<\/style><div id=tdi_7 class=\"td_block_inner\"><div class=\"td-big-grid-wrapper\">\r\n        <div class=\"td_module_mx5 td-animation-stack td-big-grid-post-0 td-big-grid-post td-big-thumb td-cpt-post\">\r\n            \r\n            <div class=\"td-module-thumb\"><a href=\"https:\/\/www.ugtcomunicaciones.es\/wordpress\/inteligencia-artificial-impacta-empleo-44000-puestos-menos-sector-tecnologico\/\"  rel=\"bookmark\" class=\"td-image-wrap \" title=\"La Inteligencia Artificial impacta en el empleo: 44.000 puestos menos en el sector tecnol\u00f3gico\" ><img decoding=\"async\" width=\"537\" height=\"360\" class=\"entry-thumb lazyload\" data-src=\"https:\/\/www.ugtcomunicaciones.es\/wordpress\/wp-content\/uploads\/2026\/04\/Jose-Varela-IA-La-Sexta-537x360.png\"   alt=\"\" title=\"La Inteligencia Artificial impacta en el empleo: 44.000 puestos menos en el sector tecnol\u00f3gico\" src=\"data:image\/svg+xml;base64,PHN2ZyB3aWR0aD0iMSIgaGVpZ2h0PSIxIiB4bWxucz0iaHR0cDovL3d3dy53My5vcmcvMjAwMC9zdmciPjwvc3ZnPg==\" style=\"--smush-placeholder-width: 537px; --smush-placeholder-aspect-ratio: 537\/360;\" \/><\/a><\/div>            \r\n            <div class=\"td-meta-info-container\">\r\n                <div class=\"td-meta-align\">\r\n                    <div class=\"td-big-grid-meta\">\r\n                        <a href=\"https:\/\/www.ugtcomunicaciones.es\/wordpress\/category\/regulacion\/opinion\/\" class=\"td-post-category\" >Opini\u00f3n<\/a>                        <h3 class=\"entry-title td-module-title\"><a href=\"https:\/\/www.ugtcomunicaciones.es\/wordpress\/inteligencia-artificial-impacta-empleo-44000-puestos-menos-sector-tecnologico\/\"  rel=\"bookmark\" title=\"La Inteligencia Artificial impacta en el empleo: 44.000 puestos menos en el sector tecnol\u00f3gico\">La Inteligencia Artificial impacta en el empleo: 44.000 puestos menos en el sector tecnol\u00f3gico<\/a><\/h3>\r\n                        <div class=\"td-module-meta-info\">\r\n                                                                                    <span class=\"td-post-date\"><time class=\"entry-date updated td-module-date\" datetime=\"2026-04-29T16:57:14+01:00\" >29 de abril de 2026<\/time><\/span>                        <\/div>\r\n                    <\/div>\r\n                <\/div>\r\n            <\/div>\r\n            \r\n        <\/div>\r\n\r\n        \r\n        <div class=\"td_module_mx6 td-animation-stack td-big-grid-post-1 td-big-grid-post td-tiny-thumb td-cpt-post\">\r\n            \r\n            <div class=\"td-module-thumb\"><a href=\"https:\/\/www.ugtcomunicaciones.es\/wordpress\/28-de-abril-la-salud-laboral-un-compromiso-que-se-construye-con-ugt\/\"  rel=\"bookmark\" class=\"td-image-wrap \" title=\"28 de abril La salud laboral, un compromiso que se construye con UGT\" ><img decoding=\"async\" width=\"238\" height=\"178\" class=\"entry-thumb lazyload\" data-src=\"https:\/\/www.ugtcomunicaciones.es\/wordpress\/wp-content\/uploads\/2026\/04\/133668-238x178.jpg\"  data-srcset=\"https:\/\/www.ugtcomunicaciones.es\/wordpress\/wp-content\/uploads\/2026\/04\/133668-238x178.jpg 238w, https:\/\/www.ugtcomunicaciones.es\/wordpress\/wp-content\/uploads\/2026\/04\/133668-80x60.jpg 80w, https:\/\/www.ugtcomunicaciones.es\/wordpress\/wp-content\/uploads\/2026\/04\/133668-100x75.jpg 100w, https:\/\/www.ugtcomunicaciones.es\/wordpress\/wp-content\/uploads\/2026\/04\/133668-180x135.jpg 180w, https:\/\/www.ugtcomunicaciones.es\/wordpress\/wp-content\/uploads\/2026\/04\/133668-265x198.jpg 265w\" data-sizes=\"(max-width: 238px) 100vw, 238px\"  alt=\"\" title=\"28 de abril La salud laboral, un compromiso que se construye con UGT\" src=\"data:image\/svg+xml;base64,PHN2ZyB3aWR0aD0iMSIgaGVpZ2h0PSIxIiB4bWxucz0iaHR0cDovL3d3dy53My5vcmcvMjAwMC9zdmciPjwvc3ZnPg==\" style=\"--smush-placeholder-width: 238px; --smush-placeholder-aspect-ratio: 238\/178;\" \/><\/a><\/div>            \r\n            <div class=\"td-meta-info-container\">\r\n                <div class=\"td-meta-align\">\r\n                    <div class=\"td-big-grid-meta\">\r\n                        <a href=\"https:\/\/www.ugtcomunicaciones.es\/wordpress\/category\/telefonica-cev\/\" class=\"td-post-category\" >Telef\u00f3nica CEV<\/a>                                                <h3 class=\"entry-title td-module-title\"><a href=\"https:\/\/www.ugtcomunicaciones.es\/wordpress\/28-de-abril-la-salud-laboral-un-compromiso-que-se-construye-con-ugt\/\"  rel=\"bookmark\" title=\"28 de abril La salud laboral, un compromiso que se construye con UGT\">28 de abril La salud laboral, un compromiso que se construye con UGT<\/a><\/h3>\r\n                        <div class=\"td-module-meta-info\">\r\n                                                        <span class=\"td-post-date\"><time class=\"entry-date updated td-module-date\" datetime=\"2026-04-28T12:11:02+01:00\" >28 de abril de 2026<\/time><\/span>                        <\/div>\r\n                    <\/div>\r\n                <\/div>\r\n            <\/div>\r\n            \r\n        <\/div>\r\n\r\n        \r\n        <div class=\"td_module_mx6 td-animation-stack td-big-grid-post-2 td-big-grid-post td-tiny-thumb td-cpt-post\">\r\n            \r\n            <div class=\"td-module-thumb\"><a href=\"https:\/\/www.ugtcomunicaciones.es\/wordpress\/frente-al-avance-del-algoritmo-el-movimiento-sindical-europeo-reivindica-la-gobernanza-humana-y-el-dialogo-social\/\"  rel=\"bookmark\" class=\"td-image-wrap \" title=\"Frente al avance del algoritmo, el movimiento sindical europeo reivindica la gobernanza humana y el Di\u00e1logo Social\" ><img decoding=\"async\" width=\"238\" height=\"178\" class=\"entry-thumb lazyload\" data-src=\"https:\/\/www.ugtcomunicaciones.es\/wordpress\/wp-content\/uploads\/2026\/04\/foro-238x178.jpg\"  data-srcset=\"https:\/\/www.ugtcomunicaciones.es\/wordpress\/wp-content\/uploads\/2026\/04\/foro-238x178.jpg 238w, https:\/\/www.ugtcomunicaciones.es\/wordpress\/wp-content\/uploads\/2026\/04\/foro-300x225.jpg 300w, https:\/\/www.ugtcomunicaciones.es\/wordpress\/wp-content\/uploads\/2026\/04\/foro-559x420.jpg 559w, https:\/\/www.ugtcomunicaciones.es\/wordpress\/wp-content\/uploads\/2026\/04\/foro-80x60.jpg 80w, https:\/\/www.ugtcomunicaciones.es\/wordpress\/wp-content\/uploads\/2026\/04\/foro-100x75.jpg 100w, https:\/\/www.ugtcomunicaciones.es\/wordpress\/wp-content\/uploads\/2026\/04\/foro-180x135.jpg 180w, https:\/\/www.ugtcomunicaciones.es\/wordpress\/wp-content\/uploads\/2026\/04\/foro-265x198.jpg 265w, https:\/\/www.ugtcomunicaciones.es\/wordpress\/wp-content\/uploads\/2026\/04\/foro-640x480.jpg 640w, https:\/\/www.ugtcomunicaciones.es\/wordpress\/wp-content\/uploads\/2026\/04\/foro.jpg 650w\" data-sizes=\"(max-width: 238px) 100vw, 238px\"  alt=\"\" title=\"Frente al avance del algoritmo, el movimiento sindical europeo reivindica la gobernanza humana y el Di\u00e1logo Social\" src=\"data:image\/svg+xml;base64,PHN2ZyB3aWR0aD0iMSIgaGVpZ2h0PSIxIiB4bWxucz0iaHR0cDovL3d3dy53My5vcmcvMjAwMC9zdmciPjwvc3ZnPg==\" style=\"--smush-placeholder-width: 238px; --smush-placeholder-aspect-ratio: 238\/178;\" \/><\/a><\/div>            \r\n            <div class=\"td-meta-info-container\">\r\n                <div class=\"td-meta-align\">\r\n                    <div class=\"td-big-grid-meta\">\r\n                        <a href=\"https:\/\/www.ugtcomunicaciones.es\/wordpress\/category\/portada\/\" class=\"td-post-category\" >Portada<\/a>                                                <h3 class=\"entry-title td-module-title\"><a href=\"https:\/\/www.ugtcomunicaciones.es\/wordpress\/frente-al-avance-del-algoritmo-el-movimiento-sindical-europeo-reivindica-la-gobernanza-humana-y-el-dialogo-social\/\"  rel=\"bookmark\" title=\"Frente al avance del algoritmo, el movimiento sindical europeo reivindica la gobernanza humana y el Di\u00e1logo Social\">Frente al avance del algoritmo, el movimiento sindical europeo reivindica la gobernanza humana...<\/a><\/h3>\r\n                        <div class=\"td-module-meta-info\">\r\n                                                        <span class=\"td-post-date\"><time class=\"entry-date updated td-module-date\" datetime=\"2026-04-27T13:24:12+01:00\" >27 de abril de 2026<\/time><\/span>                        <\/div>\r\n                    <\/div>\r\n                <\/div>\r\n            <\/div>\r\n            \r\n        <\/div>\r\n\r\n        \r\n        <div class=\"td_module_mx6 td-animation-stack td-big-grid-post-3 td-big-grid-post td-tiny-thumb td-cpt-post\">\r\n            \r\n            <div class=\"td-module-thumb\"><a href=\"https:\/\/www.ugtcomunicaciones.es\/wordpress\/la-seccion-de-ugt-en-digi-informa-avances-hacia-la-recuperacion-de-dietas\/\"  rel=\"bookmark\" class=\"td-image-wrap \" title=\"La secci\u00f3n de UGT en DIGI INFORMA: Avances hacia la recuperaci\u00f3n de dietas\" ><img decoding=\"async\" width=\"238\" height=\"178\" class=\"entry-thumb lazyload\" data-src=\"https:\/\/www.ugtcomunicaciones.es\/wordpress\/wp-content\/uploads\/2026\/04\/56420-238x178.jpg\"  data-srcset=\"https:\/\/www.ugtcomunicaciones.es\/wordpress\/wp-content\/uploads\/2026\/04\/56420-238x178.jpg 238w, https:\/\/www.ugtcomunicaciones.es\/wordpress\/wp-content\/uploads\/2026\/04\/56420-80x60.jpg 80w, https:\/\/www.ugtcomunicaciones.es\/wordpress\/wp-content\/uploads\/2026\/04\/56420-100x75.jpg 100w, https:\/\/www.ugtcomunicaciones.es\/wordpress\/wp-content\/uploads\/2026\/04\/56420-180x135.jpg 180w, https:\/\/www.ugtcomunicaciones.es\/wordpress\/wp-content\/uploads\/2026\/04\/56420-265x198.jpg 265w\" data-sizes=\"(max-width: 238px) 100vw, 238px\"  alt=\"\" title=\"La secci\u00f3n de UGT en DIGI INFORMA: Avances hacia la recuperaci\u00f3n de dietas\" src=\"data:image\/svg+xml;base64,PHN2ZyB3aWR0aD0iMSIgaGVpZ2h0PSIxIiB4bWxucz0iaHR0cDovL3d3dy53My5vcmcvMjAwMC9zdmciPjwvc3ZnPg==\" style=\"--smush-placeholder-width: 238px; --smush-placeholder-aspect-ratio: 238\/178;\" \/><\/a><\/div>            \r\n            <div class=\"td-meta-info-container\">\r\n                <div class=\"td-meta-align\">\r\n                    <div class=\"td-big-grid-meta\">\r\n                        <a href=\"https:\/\/www.ugtcomunicaciones.es\/wordpress\/category\/otras-empresas\/digi\/\" class=\"td-post-category\" >DIGI<\/a>                                                <h3 class=\"entry-title td-module-title\"><a href=\"https:\/\/www.ugtcomunicaciones.es\/wordpress\/la-seccion-de-ugt-en-digi-informa-avances-hacia-la-recuperacion-de-dietas\/\"  rel=\"bookmark\" title=\"La secci\u00f3n de UGT en DIGI INFORMA: Avances hacia la recuperaci\u00f3n de dietas\">La secci\u00f3n de UGT en DIGI INFORMA: Avances hacia la recuperaci\u00f3n de dietas<\/a><\/h3>\r\n                        <div class=\"td-module-meta-info\">\r\n                                                        <span class=\"td-post-date\"><time class=\"entry-date updated td-module-date\" datetime=\"2026-04-23T06:35:54+01:00\" >23 de abril de 2026<\/time><\/span>                        <\/div>\r\n                    <\/div>\r\n                <\/div>\r\n            <\/div>\r\n            \r\n        <\/div>\r\n\r\n        \r\n        <div class=\"td_module_mx6 td-animation-stack td-big-grid-post-4 td-big-grid-post td-tiny-thumb td-cpt-post\">\r\n            \r\n            <div class=\"td-module-thumb\"><a href=\"https:\/\/www.ugtcomunicaciones.es\/wordpress\/ugt-masorange-informa-avances-en-la-comision-comercial-consolidacion-institucional\/\"  rel=\"bookmark\" class=\"td-image-wrap \" title=\"La secci\u00f3n de UGT Masorange INFORMA: Avances en la Comisi\u00f3n Comercial y Consolidaci\u00f3n Institucional\" ><img decoding=\"async\" width=\"238\" height=\"178\" class=\"entry-thumb lazyload\" data-src=\"https:\/\/www.ugtcomunicaciones.es\/wordpress\/wp-content\/uploads\/2026\/04\/Masorange-238x178.jpg\"  data-srcset=\"https:\/\/www.ugtcomunicaciones.es\/wordpress\/wp-content\/uploads\/2026\/04\/Masorange-238x178.jpg 238w, https:\/\/www.ugtcomunicaciones.es\/wordpress\/wp-content\/uploads\/2026\/04\/Masorange-80x60.jpg 80w, https:\/\/www.ugtcomunicaciones.es\/wordpress\/wp-content\/uploads\/2026\/04\/Masorange-100x75.jpg 100w, https:\/\/www.ugtcomunicaciones.es\/wordpress\/wp-content\/uploads\/2026\/04\/Masorange-180x135.jpg 180w, https:\/\/www.ugtcomunicaciones.es\/wordpress\/wp-content\/uploads\/2026\/04\/Masorange-265x198.jpg 265w\" data-sizes=\"(max-width: 238px) 100vw, 238px\"  alt=\"\" title=\"La secci\u00f3n de UGT Masorange INFORMA: Avances en la Comisi\u00f3n Comercial y Consolidaci\u00f3n Institucional\" src=\"data:image\/svg+xml;base64,PHN2ZyB3aWR0aD0iMSIgaGVpZ2h0PSIxIiB4bWxucz0iaHR0cDovL3d3dy53My5vcmcvMjAwMC9zdmciPjwvc3ZnPg==\" style=\"--smush-placeholder-width: 238px; --smush-placeholder-aspect-ratio: 238\/178;\" \/><\/a><\/div>            \r\n            <div class=\"td-meta-info-container\">\r\n                <div class=\"td-meta-align\">\r\n                    <div class=\"td-big-grid-meta\">\r\n                        <a href=\"https:\/\/www.ugtcomunicaciones.es\/wordpress\/category\/orange\/\" class=\"td-post-category\" >Grupo MasOrange<\/a>                                                <h3 class=\"entry-title td-module-title\"><a href=\"https:\/\/www.ugtcomunicaciones.es\/wordpress\/ugt-masorange-informa-avances-en-la-comision-comercial-consolidacion-institucional\/\"  rel=\"bookmark\" title=\"La secci\u00f3n de UGT Masorange INFORMA: Avances en la Comisi\u00f3n Comercial y Consolidaci\u00f3n Institucional\">La secci\u00f3n de UGT Masorange INFORMA: Avances en la Comisi\u00f3n Comercial y Consolidaci\u00f3n...<\/a><\/h3>\r\n                        <div class=\"td-module-meta-info\">\r\n                                                        <span class=\"td-post-date\"><time class=\"entry-date updated td-module-date\" datetime=\"2026-04-20T11:17:49+01:00\" >20 de abril de 2026<\/time><\/span>                        <\/div>\r\n                    <\/div>\r\n                <\/div>\r\n            <\/div>\r\n            \r\n        <\/div>\r\n\r\n        <\/div><div class=\"clearfix\"><\/div><\/div><\/div> <!-- .\/block --><div class=\"td_block_wrap td_block_big_grid_5 vc_custom_1670935255189 tdi_8 td-grid-style-1 td-hover-1 td-big-grids td-pb-border-top td_block_template_1\"  data-td-block-uid=\"tdi_8\" >\n<style>\n\/* custom css - generated by TagDiv Composer *\/\n.tdi_8 .td-post-vid-time{\r\n\t\t\t\t\tdisplay: block;\r\n\t\t\t\t}\n<\/style><div id=tdi_8 class=\"td_block_inner\"><div class=\"td-big-grid-wrapper\">\r\n        <div class=\"td_module_mx10 td-animation-stack td-big-grid-post-0 td-big-grid-post td-small-thumb td-cpt-post\">\r\n           \r\n            <div class=\"td-module-thumb\"><a href=\"https:\/\/www.ugtcomunicaciones.es\/wordpress\/fotografia-sectorial-4t2025\/\"  rel=\"bookmark\" class=\"td-image-wrap \" title=\"Fotograf\u00eda sectorial 4T2025\" ><img decoding=\"async\" width=\"300\" height=\"220\" class=\"entry-thumb lazyload\" data-src=\"https:\/\/www.ugtcomunicaciones.es\/wordpress\/wp-content\/uploads\/2026\/04\/CNMC_21-1-300x220.jpg\"  data-srcset=\"https:\/\/www.ugtcomunicaciones.es\/wordpress\/wp-content\/uploads\/2026\/04\/CNMC_21-1-300x220.jpg 300w, https:\/\/www.ugtcomunicaciones.es\/wordpress\/wp-content\/uploads\/2026\/04\/CNMC_21-1-80x60.jpg 80w\" data-sizes=\"(max-width: 300px) 100vw, 300px\"  alt=\"\" title=\"Fotograf\u00eda sectorial 4T2025\" src=\"data:image\/svg+xml;base64,PHN2ZyB3aWR0aD0iMSIgaGVpZ2h0PSIxIiB4bWxucz0iaHR0cDovL3d3dy53My5vcmcvMjAwMC9zdmciPjwvc3ZnPg==\" style=\"--smush-placeholder-width: 300px; --smush-placeholder-aspect-ratio: 300\/220;\" \/><\/a><\/div>            \r\n            <div class=\"td-meta-info-container\">\r\n                <div class=\"td-meta-align\">\r\n                    <div class=\"td-big-grid-meta\">\r\n                        <a href=\"https:\/\/www.ugtcomunicaciones.es\/wordpress\/category\/uncategorized\/\" class=\"td-post-category\" >Uncategorized<\/a>                                                <h3 class=\"entry-title td-module-title\"><a href=\"https:\/\/www.ugtcomunicaciones.es\/wordpress\/fotografia-sectorial-4t2025\/\"  rel=\"bookmark\" title=\"Fotograf\u00eda sectorial 4T2025\">Fotograf\u00eda sectorial 4T2025<\/a><\/h3>\r\n                        <div class=\"td-module-meta-info\">\r\n                                                        <span class=\"td-post-date\"><time class=\"entry-date updated td-module-date\" datetime=\"2026-04-07T06:00:57+01:00\" >7 de abril de 2026<\/time><\/span>                        <\/div>\r\n                    <\/div>\r\n                <\/div>\r\n            <\/div>\r\n            \r\n        <\/div>\r\n\r\n        \r\n        <div class=\"td_module_mx10 td-animation-stack td-big-grid-post-1 td-big-grid-post td-small-thumb td-cpt-post\">\r\n           \r\n            <div class=\"td-module-thumb\"><a href=\"https:\/\/www.ugtcomunicaciones.es\/wordpress\/lo-que-significa-el-cambio-en-el-top5-de-telefonia-movil\/\"  rel=\"bookmark\" class=\"td-image-wrap \" title=\"Lo que significa el cambio en el top5 de telefon\u00eda m\u00f3vil\" ><img decoding=\"async\" width=\"341\" height=\"220\" class=\"entry-thumb lazyload\" data-src=\"https:\/\/www.ugtcomunicaciones.es\/wordpress\/wp-content\/uploads\/2026\/04\/top5-341x220.jpg\"  data-srcset=\"https:\/\/www.ugtcomunicaciones.es\/wordpress\/wp-content\/uploads\/2026\/04\/top5-341x220.jpg 341w, https:\/\/www.ugtcomunicaciones.es\/wordpress\/wp-content\/uploads\/2026\/04\/top5-300x194.jpg 300w\" data-sizes=\"(max-width: 341px) 100vw, 341px\"  alt=\"\" title=\"Lo que significa el cambio en el top5 de telefon\u00eda m\u00f3vil\" src=\"data:image\/svg+xml;base64,PHN2ZyB3aWR0aD0iMSIgaGVpZ2h0PSIxIiB4bWxucz0iaHR0cDovL3d3dy53My5vcmcvMjAwMC9zdmciPjwvc3ZnPg==\" style=\"--smush-placeholder-width: 341px; --smush-placeholder-aspect-ratio: 341\/220;\" \/><\/a><\/div>            \r\n            <div class=\"td-meta-info-container\">\r\n                <div class=\"td-meta-align\">\r\n                    <div class=\"td-big-grid-meta\">\r\n                        <a href=\"https:\/\/www.ugtcomunicaciones.es\/wordpress\/category\/regulacion\/opinion\/\" class=\"td-post-category\" >Opini\u00f3n<\/a>                                                <h3 class=\"entry-title td-module-title\"><a href=\"https:\/\/www.ugtcomunicaciones.es\/wordpress\/lo-que-significa-el-cambio-en-el-top5-de-telefonia-movil\/\"  rel=\"bookmark\" title=\"Lo que significa el cambio en el top5 de telefon\u00eda m\u00f3vil\">Lo que significa el cambio en el top5 de telefon\u00eda m\u00f3vil<\/a><\/h3>\r\n                        <div class=\"td-module-meta-info\">\r\n                                                        <span class=\"td-post-date\"><time class=\"entry-date updated td-module-date\" datetime=\"2026-04-07T06:00:56+01:00\" >7 de abril de 2026<\/time><\/span>                        <\/div>\r\n                    <\/div>\r\n                <\/div>\r\n            <\/div>\r\n            \r\n        <\/div>\r\n\r\n        \r\n        <div class=\"td_module_mx10 td-animation-stack td-big-grid-post-2 td-big-grid-post td-small-thumb td-cpt-post\">\r\n           \r\n            <div class=\"td-module-thumb\"><a href=\"https:\/\/www.ugtcomunicaciones.es\/wordpress\/resumen-grafico-measuring-digital-development-facts-and-figures-2025\/\"  rel=\"bookmark\" class=\"td-image-wrap \" title=\"Resumen gr\u00e1fico Measuring Digital Development: Facts and figures 2025\" ><img decoding=\"async\" width=\"341\" height=\"220\" class=\"entry-thumb lazyload\" data-src=\"https:\/\/www.ugtcomunicaciones.es\/wordpress\/wp-content\/uploads\/2026\/04\/Measuring_08-341x220.jpg\"  data-srcset=\"https:\/\/www.ugtcomunicaciones.es\/wordpress\/wp-content\/uploads\/2026\/04\/Measuring_08-341x220.jpg 341w, https:\/\/www.ugtcomunicaciones.es\/wordpress\/wp-content\/uploads\/2026\/04\/Measuring_08-300x194.jpg 300w\" data-sizes=\"(max-width: 341px) 100vw, 341px\"  alt=\"\" title=\"Resumen gr\u00e1fico Measuring Digital Development: Facts and figures 2025\" src=\"data:image\/svg+xml;base64,PHN2ZyB3aWR0aD0iMSIgaGVpZ2h0PSIxIiB4bWxucz0iaHR0cDovL3d3dy53My5vcmcvMjAwMC9zdmciPjwvc3ZnPg==\" style=\"--smush-placeholder-width: 341px; --smush-placeholder-aspect-ratio: 341\/220;\" \/><\/a><\/div>            \r\n            <div class=\"td-meta-info-container\">\r\n                <div class=\"td-meta-align\">\r\n                    <div class=\"td-big-grid-meta\">\r\n                        <a href=\"https:\/\/www.ugtcomunicaciones.es\/wordpress\/category\/regulacion\/opinion\/\" class=\"td-post-category\" >Opini\u00f3n<\/a>                                                <h3 class=\"entry-title td-module-title\"><a href=\"https:\/\/www.ugtcomunicaciones.es\/wordpress\/resumen-grafico-measuring-digital-development-facts-and-figures-2025\/\"  rel=\"bookmark\" title=\"Resumen gr\u00e1fico Measuring Digital Development: Facts and figures 2025\">Resumen gr\u00e1fico Measuring Digital Development: Facts and figures 2025<\/a><\/h3>\r\n                        <div class=\"td-module-meta-info\">\r\n                                                        <span class=\"td-post-date\"><time class=\"entry-date updated td-module-date\" datetime=\"2026-04-07T06:00:54+01:00\" >7 de abril de 2026<\/time><\/span>                        <\/div>\r\n                    <\/div>\r\n                <\/div>\r\n            <\/div>\r\n            \r\n        <\/div>\r\n\r\n        \r\n        <div class=\"td_module_mx10 td-animation-stack td-big-grid-post-3 td-big-grid-post td-small-thumb td-cpt-post\">\r\n           \r\n            <div class=\"td-module-thumb\"><a href=\"https:\/\/www.ugtcomunicaciones.es\/wordpress\/ugt-fija-los-principios-de-las-nuevas-vias-de-desarrollo-profesional-en-telefonica\/\"  rel=\"bookmark\" class=\"td-image-wrap \" title=\"UGT fija los principios de las nuevas v\u00edas de desarrollo profesional en Telef\u00f3nica\" ><img decoding=\"async\" width=\"275\" height=\"220\" class=\"entry-thumb lazyload\" data-src=\"https:\/\/www.ugtcomunicaciones.es\/wordpress\/wp-content\/uploads\/2026\/04\/Image_3_f04f88194ef14c5698f41448085d09ad-275x220.jpg\"   alt=\"\" title=\"UGT fija los principios de las nuevas v\u00edas de desarrollo profesional en Telef\u00f3nica\" src=\"data:image\/svg+xml;base64,PHN2ZyB3aWR0aD0iMSIgaGVpZ2h0PSIxIiB4bWxucz0iaHR0cDovL3d3dy53My5vcmcvMjAwMC9zdmciPjwvc3ZnPg==\" style=\"--smush-placeholder-width: 275px; --smush-placeholder-aspect-ratio: 275\/220;\" \/><\/a><\/div>            \r\n            <div class=\"td-meta-info-container\">\r\n                <div class=\"td-meta-align\">\r\n                    <div class=\"td-big-grid-meta\">\r\n                        <a href=\"https:\/\/www.ugtcomunicaciones.es\/wordpress\/category\/telefonica-cev\/\" class=\"td-post-category\" >Telef\u00f3nica CEV<\/a>                                                <h3 class=\"entry-title td-module-title\"><a href=\"https:\/\/www.ugtcomunicaciones.es\/wordpress\/ugt-fija-los-principios-de-las-nuevas-vias-de-desarrollo-profesional-en-telefonica\/\"  rel=\"bookmark\" title=\"UGT fija los principios de las nuevas v\u00edas de desarrollo profesional en Telef\u00f3nica\">UGT fija los principios de las nuevas v\u00edas de desarrollo profesional en Telef\u00f3nica<\/a><\/h3>\r\n                        <div class=\"td-module-meta-info\">\r\n                                                        <span class=\"td-post-date\"><time class=\"entry-date updated td-module-date\" datetime=\"2026-03-26T11:00:55+01:00\" >26 de marzo de 2026<\/time><\/span>                        <\/div>\r\n                    <\/div>\r\n                <\/div>\r\n            <\/div>\r\n            \r\n        <\/div>\r\n\r\n        \r\n        <div class=\"td_module_mx8 td-animation-stack td-big-grid-post-4 td-big-grid-post td-medium-thumb td-cpt-post\">\r\n            \r\n            <div class=\"td-module-thumb\"><a href=\"https:\/\/www.ugtcomunicaciones.es\/wordpress\/ugt-reclama-nuevas-vias-progresion-profesional-superen-limitaciones-actuales\/\"  rel=\"bookmark\" class=\"td-image-wrap \" title=\"UGT reclama nuevas v\u00edas de progresi\u00f3n profesional que superen las limitaciones actuales\" ><img decoding=\"async\" width=\"341\" height=\"400\" class=\"entry-thumb lazyload\" data-src=\"https:\/\/www.ugtcomunicaciones.es\/wordpress\/wp-content\/uploads\/2026\/03\/7985-341x400.jpg\"   alt=\"progresi\u00f3n profesional\" title=\"UGT reclama nuevas v\u00edas de progresi\u00f3n profesional que superen las limitaciones actuales\" src=\"data:image\/svg+xml;base64,PHN2ZyB3aWR0aD0iMSIgaGVpZ2h0PSIxIiB4bWxucz0iaHR0cDovL3d3dy53My5vcmcvMjAwMC9zdmciPjwvc3ZnPg==\" style=\"--smush-placeholder-width: 341px; --smush-placeholder-aspect-ratio: 341\/400;\" \/><\/a><\/div>            \r\n            <div class=\"td-meta-info-container\">\r\n                <div class=\"td-meta-align\">\r\n                    <div class=\"td-big-grid-meta\">\r\n                        <a href=\"https:\/\/www.ugtcomunicaciones.es\/wordpress\/category\/telefonica-cev\/\" class=\"td-post-category\" >Telef\u00f3nica CEV<\/a>                        <h3 class=\"entry-title td-module-title\"><a href=\"https:\/\/www.ugtcomunicaciones.es\/wordpress\/ugt-reclama-nuevas-vias-progresion-profesional-superen-limitaciones-actuales\/\"  rel=\"bookmark\" title=\"UGT reclama nuevas v\u00edas de progresi\u00f3n profesional que superen las limitaciones actuales\">UGT reclama nuevas v\u00edas de progresi\u00f3n profesional que superen las limitaciones actuales<\/a><\/h3>\r\n                        <div class=\"td-module-meta-info\">\r\n                                                                                    <span class=\"td-post-date\"><time class=\"entry-date updated td-module-date\" datetime=\"2026-03-19T11:34:08+01:00\" >19 de marzo de 2026<\/time><\/span>                        <\/div>\r\n                    <\/div>\r\n                <\/div>\r\n            <\/div>\r\n            \r\n        <\/div>\r\n\r\n        <\/div><div class=\"clearfix\"><\/div><\/div><\/div> <!-- .\/block --><\/div><\/div><\/div><\/div><div id=\"tdi_9\" class=\"tdc-row\"><div class=\"vc_row vc_custom_1647266341217 tdi_10  wpb_row td-pb-row\" >\n<style scoped>\n\/* custom css - generated by TagDiv Composer *\/\n\n\/* tdc_composer_block - inline css att *\/\n.vc_custom_1647266341217{background-image: url(https:\/\/www.ugtcomunicaciones.es\/wordpress\/wp-content\/uploads\/2021\/07\/comunicaciones-gris.png?id=860304) !important;}\n\/* custom css - generated by TagDiv Composer *\/\n.tdi_10,\r\n                .tdi_10 .tdc-columns{\r\n                    min-height: 0;\r\n                }\n<\/style><div class=\"vc_column tdi_12  wpb_column vc_column_container tdc-column td-pb-span12\">\n<style scoped>\n\/* custom css - generated by TagDiv Composer *\/\n\n\/* custom css - generated by TagDiv Composer *\/\n.tdi_12{\r\n                    vertical-align: baseline;\r\n                }\n<\/style><div class=\"wpb_wrapper\" ><div class=\"td_block_wrap td_block_4 tdi_13 td-pb-border-top td_block_template_1\"  data-td-block-uid=\"tdi_13\" >\n<style>\n\/* custom css - generated by TagDiv Composer *\/\n.tdi_13 .td-post-vid-time{\r\n\t\t\t\t\tdisplay: block;\r\n\t\t\t\t}\n<\/style><script>var block_tdi_13 = new tdBlock();\nblock_tdi_13.id = \"tdi_13\";\nblock_tdi_13.atts = '{\"category_ids\":\"-95\",\"limit\":\"6\",\"offset\":\"11\",\"block_type\":\"td_block_4\",\"separator\":\"\",\"custom_title\":\"\",\"custom_url\":\"\",\"title_tag\":\"\",\"block_template_id\":\"\",\"border_top\":\"\",\"color_preset\":\"\",\"m2_tl\":\"\",\"m2_title_tag\":\"\",\"m2_el\":\"\",\"post_ids\":\"\",\"category_id\":\"\",\"tag_slug\":\"\",\"autors_id\":\"\",\"installed_post_types\":\"\",\"sort\":\"\",\"open_in_new_window\":\"\",\"show_modified_date\":\"\",\"video_popup\":\"\",\"video_rec\":\"\",\"video_rec_title\":\"\",\"show_vid_t\":\"block\",\"el_class\":\"\",\"td_ajax_filter_type\":\"\",\"td_ajax_filter_ids\":\"\",\"td_filter_default_txt\":\"All\",\"td_ajax_preloading\":\"\",\"f_header_font_header\":\"\",\"f_header_font_title\":\"Block header\",\"f_header_font_settings\":\"\",\"f_header_font_family\":\"\",\"f_header_font_size\":\"\",\"f_header_font_line_height\":\"\",\"f_header_font_style\":\"\",\"f_header_font_weight\":\"\",\"f_header_font_transform\":\"\",\"f_header_font_spacing\":\"\",\"f_header_\":\"\",\"f_ajax_font_title\":\"Ajax categories\",\"f_ajax_font_settings\":\"\",\"f_ajax_font_family\":\"\",\"f_ajax_font_size\":\"\",\"f_ajax_font_line_height\":\"\",\"f_ajax_font_style\":\"\",\"f_ajax_font_weight\":\"\",\"f_ajax_font_transform\":\"\",\"f_ajax_font_spacing\":\"\",\"f_ajax_\":\"\",\"f_more_font_title\":\"Load more button\",\"f_more_font_settings\":\"\",\"f_more_font_family\":\"\",\"f_more_font_size\":\"\",\"f_more_font_line_height\":\"\",\"f_more_font_style\":\"\",\"f_more_font_weight\":\"\",\"f_more_font_transform\":\"\",\"f_more_font_spacing\":\"\",\"f_more_\":\"\",\"m2f_title_font_header\":\"\",\"m2f_title_font_title\":\"Article title\",\"m2f_title_font_settings\":\"\",\"m2f_title_font_family\":\"\",\"m2f_title_font_size\":\"\",\"m2f_title_font_line_height\":\"\",\"m2f_title_font_style\":\"\",\"m2f_title_font_weight\":\"\",\"m2f_title_font_transform\":\"\",\"m2f_title_font_spacing\":\"\",\"m2f_title_\":\"\",\"m2f_cat_font_title\":\"Article category tag\",\"m2f_cat_font_settings\":\"\",\"m2f_cat_font_family\":\"\",\"m2f_cat_font_size\":\"\",\"m2f_cat_font_line_height\":\"\",\"m2f_cat_font_style\":\"\",\"m2f_cat_font_weight\":\"\",\"m2f_cat_font_transform\":\"\",\"m2f_cat_font_spacing\":\"\",\"m2f_cat_\":\"\",\"m2f_meta_font_title\":\"Article meta info\",\"m2f_meta_font_settings\":\"\",\"m2f_meta_font_family\":\"\",\"m2f_meta_font_size\":\"\",\"m2f_meta_font_line_height\":\"\",\"m2f_meta_font_style\":\"\",\"m2f_meta_font_weight\":\"\",\"m2f_meta_font_transform\":\"\",\"m2f_meta_font_spacing\":\"\",\"m2f_meta_\":\"\",\"m2f_ex_font_title\":\"Article excerpt\",\"m2f_ex_font_settings\":\"\",\"m2f_ex_font_family\":\"\",\"m2f_ex_font_size\":\"\",\"m2f_ex_font_line_height\":\"\",\"m2f_ex_font_style\":\"\",\"m2f_ex_font_weight\":\"\",\"m2f_ex_font_transform\":\"\",\"m2f_ex_font_spacing\":\"\",\"m2f_ex_\":\"\",\"ajax_pagination\":\"\",\"ajax_pagination_infinite_stop\":\"\",\"css\":\"\",\"tdc_css\":\"\",\"td_column_number\":3,\"header_color\":\"\",\"ajax_pagination_next_prev_swipe\":\"\",\"class\":\"tdi_13\",\"tdc_css_class\":\"tdi_13\",\"tdc_css_class_style\":\"tdi_13_rand_style\"}';\nblock_tdi_13.td_column_number = \"3\";\nblock_tdi_13.block_type = \"td_block_4\";\nblock_tdi_13.post_count = \"6\";\nblock_tdi_13.found_posts = \"1897\";\nblock_tdi_13.header_color = \"\";\nblock_tdi_13.ajax_pagination_infinite_stop = \"\";\nblock_tdi_13.max_num_pages = \"315\";\ntdBlocksArray.push(block_tdi_13);\n<\/script><div id=tdi_13 class=\"td_block_inner\">\n\n\t<div class=\"td-block-row\">\n\n\t<div class=\"td-block-span4\">\n\r\n        <div class=\"td_module_2 td_module_wrap td-animation-stack td-cpt-post\">\r\n            <div class=\"td-module-image\">\r\n                <div class=\"td-module-thumb\"><a href=\"https:\/\/www.ugtcomunicaciones.es\/wordpress\/prioridades-integracion-orange\/\"  rel=\"bookmark\" class=\"td-image-wrap \" title=\"La secci\u00f3n de UGT MASORANGE INFORMA: Prioridades ante la integraci\u00f3n en Orange\" ><img decoding=\"async\" width=\"300\" height=\"160\" class=\"entry-thumb lazyload\" data-src=\"https:\/\/www.ugtcomunicaciones.es\/wordpress\/wp-content\/uploads\/2026\/03\/928-300x160.jpg\"   alt=\"integraci\u00f3n en Orange\" title=\"La secci\u00f3n de UGT MASORANGE INFORMA: Prioridades ante la integraci\u00f3n en Orange\" src=\"data:image\/svg+xml;base64,PHN2ZyB3aWR0aD0iMSIgaGVpZ2h0PSIxIiB4bWxucz0iaHR0cDovL3d3dy53My5vcmcvMjAwMC9zdmciPjwvc3ZnPg==\" style=\"--smush-placeholder-width: 300px; --smush-placeholder-aspect-ratio: 300\/160;\" \/><\/a><\/div>                                <a href=\"https:\/\/www.ugtcomunicaciones.es\/wordpress\/category\/orange\/\" class=\"td-post-category\" >Grupo MasOrange<\/a>            <\/div>\r\n\r\n            <h3 class=\"entry-title td-module-title\"><a href=\"https:\/\/www.ugtcomunicaciones.es\/wordpress\/prioridades-integracion-orange\/\"  rel=\"bookmark\" title=\"La secci\u00f3n de UGT MASORANGE INFORMA: Prioridades ante la integraci\u00f3n en Orange\">La secci\u00f3n de UGT MASORANGE INFORMA: Prioridades ante la integraci\u00f3n en...<\/a><\/h3>\r\n            <div class=\"meta-info\">\r\n                                                <span class=\"td-post-date\"><time class=\"entry-date updated td-module-date\" datetime=\"2026-03-18T15:49:17+01:00\" >18 de marzo de 2026<\/time><\/span>                            <\/div>\r\n\r\n\r\n            <div class=\"td-excerpt\">\r\n                La Secci\u00f3n Sindical de UGT en MASORANGE confirma su posicionamiento institucional ante el proceso de toma de control total por parte de Orange Francia....            <\/div>\r\n\r\n            \r\n        <\/div>\r\n\r\n        \n\t<\/div> <!-- .\/td-block-span4 -->\n\n\t<div class=\"td-block-span4\">\n\r\n        <div class=\"td_module_2 td_module_wrap td-animation-stack td-cpt-post\">\r\n            <div class=\"td-module-image\">\r\n                <div class=\"td-module-thumb\"><a href=\"https:\/\/www.ugtcomunicaciones.es\/wordpress\/las-personas-en-la-estrategia-de-futuro-de-telefonica\/\"  rel=\"bookmark\" class=\"td-image-wrap \" title=\"Las personas en la estrategia de futuro de Telef\u00f3nica\" ><img decoding=\"async\" width=\"300\" height=\"160\" class=\"entry-thumb lazyload\" data-src=\"https:\/\/www.ugtcomunicaciones.es\/wordpress\/wp-content\/uploads\/2026\/03\/las_personas-300x160.jpeg\"   alt=\"\" title=\"Las personas en la estrategia de futuro de Telef\u00f3nica\" src=\"data:image\/svg+xml;base64,PHN2ZyB3aWR0aD0iMSIgaGVpZ2h0PSIxIiB4bWxucz0iaHR0cDovL3d3dy53My5vcmcvMjAwMC9zdmciPjwvc3ZnPg==\" style=\"--smush-placeholder-width: 300px; --smush-placeholder-aspect-ratio: 300\/160;\" \/><\/a><\/div>                                <a href=\"https:\/\/www.ugtcomunicaciones.es\/wordpress\/category\/telefonica-cev\/\" class=\"td-post-category\" >Telef\u00f3nica CEV<\/a>            <\/div>\r\n\r\n            <h3 class=\"entry-title td-module-title\"><a href=\"https:\/\/www.ugtcomunicaciones.es\/wordpress\/las-personas-en-la-estrategia-de-futuro-de-telefonica\/\"  rel=\"bookmark\" title=\"Las personas en la estrategia de futuro de Telef\u00f3nica\">Las personas en la estrategia de futuro de Telef\u00f3nica<\/a><\/h3>\r\n            <div class=\"meta-info\">\r\n                                                <span class=\"td-post-date\"><time class=\"entry-date updated td-module-date\" datetime=\"2026-03-17T11:06:27+01:00\" >17 de marzo de 2026<\/time><\/span>                            <\/div>\r\n\r\n\r\n            <div class=\"td-excerpt\">\r\n                Una reflexi\u00f3n de UGT sobre nuestro presente y nuestro ma\u00f1ana\r\nEn los \u00faltimos meses hemos vivido procesos intensos: despidos colectivos negociados, acuerdos de gran calado...            <\/div>\r\n\r\n            \r\n        <\/div>\r\n\r\n        \n\t<\/div> <!-- .\/td-block-span4 -->\n\n\t<div class=\"td-block-span4\">\n\r\n        <div class=\"td_module_2 td_module_wrap td-animation-stack td-cpt-post\">\r\n            <div class=\"td-module-image\">\r\n                <div class=\"td-module-thumb\"><a href=\"https:\/\/www.ugtcomunicaciones.es\/wordpress\/valoracion-de-los-servicios-de-telecomunicaciones-por-los-hogares-espanoles-2t2025\/\"  rel=\"bookmark\" class=\"td-image-wrap \" title=\"Valoraci\u00f3n de los servicios de telecomunicaciones por los hogares espa\u00f1oles 2T2025\" ><img decoding=\"async\" width=\"300\" height=\"160\" class=\"entry-thumb lazyload\" data-src=\"https:\/\/www.ugtcomunicaciones.es\/wordpress\/wp-content\/uploads\/2026\/03\/Valor_04-300x160.jpg\"   alt=\"\" title=\"Valoraci\u00f3n de los servicios de telecomunicaciones por los hogares espa\u00f1oles 2T2025\" src=\"data:image\/svg+xml;base64,PHN2ZyB3aWR0aD0iMSIgaGVpZ2h0PSIxIiB4bWxucz0iaHR0cDovL3d3dy53My5vcmcvMjAwMC9zdmciPjwvc3ZnPg==\" style=\"--smush-placeholder-width: 300px; --smush-placeholder-aspect-ratio: 300\/160;\" \/><\/a><\/div>                                <a href=\"https:\/\/www.ugtcomunicaciones.es\/wordpress\/category\/regulacion\/mercado-comunicaciones\/\" class=\"td-post-category\" >Mercado Comunicaciones<\/a>            <\/div>\r\n\r\n            <h3 class=\"entry-title td-module-title\"><a href=\"https:\/\/www.ugtcomunicaciones.es\/wordpress\/valoracion-de-los-servicios-de-telecomunicaciones-por-los-hogares-espanoles-2t2025\/\"  rel=\"bookmark\" title=\"Valoraci\u00f3n de los servicios de telecomunicaciones por los hogares espa\u00f1oles 2T2025\">Valoraci\u00f3n de los servicios de telecomunicaciones por los hogares espa\u00f1oles 2T2025<\/a><\/h3>\r\n            <div class=\"meta-info\">\r\n                                                <span class=\"td-post-date\"><time class=\"entry-date updated td-module-date\" datetime=\"2026-03-16T06:00:54+01:00\" >16 de marzo de 2026<\/time><\/span>                            <\/div>\r\n\r\n\r\n            <div class=\"td-excerpt\">\r\n                Volvemos a examinar la \u00faltima encuesta del Panel de Hogares\u00a0de la CNMC, correspondiente al segundo trimestre de 2024, sobre la valoraci\u00f3n que hace nuestra...            <\/div>\r\n\r\n            \r\n        <\/div>\r\n\r\n        \n\t<\/div> <!-- .\/td-block-span4 --><\/div><!--.\/row-fluid-->\n\n\t<div class=\"td-block-row\">\n\n\t<div class=\"td-block-span4\">\n\r\n        <div class=\"td_module_2 td_module_wrap td-animation-stack td-cpt-post\">\r\n            <div class=\"td-module-image\">\r\n                <div class=\"td-module-thumb\"><a href=\"https:\/\/www.ugtcomunicaciones.es\/wordpress\/calidad-del-servicio-en-espana-4t2025\/\"  rel=\"bookmark\" class=\"td-image-wrap \" title=\"Calidad del servicio en Espa\u00f1a 4T2025\" ><img decoding=\"async\" width=\"300\" height=\"160\" class=\"entry-thumb lazyload\" data-src=\"https:\/\/www.ugtcomunicaciones.es\/wordpress\/wp-content\/uploads\/2026\/03\/Cali_07-300x160.jpg\"   alt=\"\" title=\"Calidad del servicio en Espa\u00f1a 4T2025\" src=\"data:image\/svg+xml;base64,PHN2ZyB3aWR0aD0iMSIgaGVpZ2h0PSIxIiB4bWxucz0iaHR0cDovL3d3dy53My5vcmcvMjAwMC9zdmciPjwvc3ZnPg==\" style=\"--smush-placeholder-width: 300px; --smush-placeholder-aspect-ratio: 300\/160;\" \/><\/a><\/div>                                <a href=\"https:\/\/www.ugtcomunicaciones.es\/wordpress\/category\/regulacion\/mercado-comunicaciones\/\" class=\"td-post-category\" >Mercado Comunicaciones<\/a>            <\/div>\r\n\r\n            <h3 class=\"entry-title td-module-title\"><a href=\"https:\/\/www.ugtcomunicaciones.es\/wordpress\/calidad-del-servicio-en-espana-4t2025\/\"  rel=\"bookmark\" title=\"Calidad del servicio en Espa\u00f1a 4T2025\">Calidad del servicio en Espa\u00f1a 4T2025<\/a><\/h3>\r\n            <div class=\"meta-info\">\r\n                                                <span class=\"td-post-date\"><time class=\"entry-date updated td-module-date\" datetime=\"2026-03-16T06:00:43+01:00\" >16 de marzo de 2026<\/time><\/span>                            <\/div>\r\n\r\n\r\n            <div class=\"td-excerpt\">\r\n                Compartimos los datos proporcionados trimestralmente por la CNMC\u00a0sobre la calidad del servicio que proporcionamos a nuestros clientes.\r\nVelocidad m\u00f3vil y por FTTH (600 Mbps\u00a01 y...            <\/div>\r\n\r\n            \r\n        <\/div>\r\n\r\n        \n\t<\/div> <!-- .\/td-block-span4 -->\n\n\t<div class=\"td-block-span4\">\n\r\n        <div class=\"td_module_2 td_module_wrap td-animation-stack td-cpt-post\">\r\n            <div class=\"td-module-image\">\r\n                <div class=\"td-module-thumb\"><a href=\"https:\/\/www.ugtcomunicaciones.es\/wordpress\/mercado-telecos-diciembre-2025-solo-digi-y-movistar-resisten-en-positivo\/\"  rel=\"bookmark\" class=\"td-image-wrap \" title=\"Mercado Telecos diciembre 2025: s\u00f3lo DIGI y Movistar resisten en positivo\" ><img decoding=\"async\" width=\"300\" height=\"160\" class=\"entry-thumb lazyload\" data-src=\"https:\/\/www.ugtcomunicaciones.es\/wordpress\/wp-content\/uploads\/2026\/03\/Merc_15-300x160.jpg\"   alt=\"\" title=\"Mercado Telecos diciembre 2025: s\u00f3lo DIGI y Movistar resisten en positivo\" src=\"data:image\/svg+xml;base64,PHN2ZyB3aWR0aD0iMSIgaGVpZ2h0PSIxIiB4bWxucz0iaHR0cDovL3d3dy53My5vcmcvMjAwMC9zdmciPjwvc3ZnPg==\" style=\"--smush-placeholder-width: 300px; --smush-placeholder-aspect-ratio: 300\/160;\" \/><\/a><\/div>                                <a href=\"https:\/\/www.ugtcomunicaciones.es\/wordpress\/category\/regulacion\/mercado-comunicaciones\/\" class=\"td-post-category\" >Mercado Comunicaciones<\/a>            <\/div>\r\n\r\n            <h3 class=\"entry-title td-module-title\"><a href=\"https:\/\/www.ugtcomunicaciones.es\/wordpress\/mercado-telecos-diciembre-2025-solo-digi-y-movistar-resisten-en-positivo\/\"  rel=\"bookmark\" title=\"Mercado Telecos diciembre 2025: s\u00f3lo DIGI y Movistar resisten en positivo\">Mercado Telecos diciembre 2025: s\u00f3lo DIGI y Movistar resisten en positivo<\/a><\/h3>\r\n            <div class=\"meta-info\">\r\n                                                <span class=\"td-post-date\"><time class=\"entry-date updated td-module-date\" datetime=\"2026-03-16T06:00:29+01:00\" >16 de marzo de 2026<\/time><\/span>                            <\/div>\r\n\r\n\r\n            <div class=\"td-excerpt\">\r\n                Fin de ejercicio estad\u00edstico marcado por el par\u00f3n en la difusi\u00f3n de datos por parte de la CNMC, que no ha difundido registros de...            <\/div>\r\n\r\n            \r\n        <\/div>\r\n\r\n        \n\t<\/div> <!-- .\/td-block-span4 -->\n\n\t<div class=\"td-block-span4\">\n\r\n        <div class=\"td_module_2 td_module_wrap td-animation-stack td-cpt-post\">\r\n            <div class=\"td-module-image\">\r\n                <div class=\"td-module-thumb\"><a href=\"https:\/\/www.ugtcomunicaciones.es\/wordpress\/ugt-exige-nuevas-vias-progresion-profesional-en-telefonica\/\"  rel=\"bookmark\" class=\"td-image-wrap \" title=\"UGT exige abrir nuevas v\u00edas de progresi\u00f3n profesional en Telef\u00f3nica\" ><img decoding=\"async\" width=\"300\" height=\"160\" class=\"entry-thumb lazyload\" data-src=\"https:\/\/www.ugtcomunicaciones.es\/wordpress\/wp-content\/uploads\/2026\/03\/84757-300x160.jpg\"   alt=\"progresi\u00f3n profesional en Telef\u00f3nica\" title=\"UGT exige abrir nuevas v\u00edas de progresi\u00f3n profesional en Telef\u00f3nica\" src=\"data:image\/svg+xml;base64,PHN2ZyB3aWR0aD0iMSIgaGVpZ2h0PSIxIiB4bWxucz0iaHR0cDovL3d3dy53My5vcmcvMjAwMC9zdmciPjwvc3ZnPg==\" style=\"--smush-placeholder-width: 300px; --smush-placeholder-aspect-ratio: 300\/160;\" \/><\/a><\/div>                                <a href=\"https:\/\/www.ugtcomunicaciones.es\/wordpress\/category\/telefonica-cev\/\" class=\"td-post-category\" >Telef\u00f3nica CEV<\/a>            <\/div>\r\n\r\n            <h3 class=\"entry-title td-module-title\"><a href=\"https:\/\/www.ugtcomunicaciones.es\/wordpress\/ugt-exige-nuevas-vias-progresion-profesional-en-telefonica\/\"  rel=\"bookmark\" title=\"UGT exige abrir nuevas v\u00edas de progresi\u00f3n profesional en Telef\u00f3nica\">UGT exige abrir nuevas v\u00edas de progresi\u00f3n profesional en Telef\u00f3nica<\/a><\/h3>\r\n            <div class=\"meta-info\">\r\n                                                <span class=\"td-post-date\"><time class=\"entry-date updated td-module-date\" datetime=\"2026-03-13T10:58:46+01:00\" >13 de marzo de 2026<\/time><\/span>                            <\/div>\r\n\r\n\r\n            <div class=\"td-excerpt\">\r\n                La negociaci\u00f3n colectiva ha sido, hist\u00f3ricamente, el pilar que nos ha permitido avanzar y consolidar nuevos derechos para la plantilla en Telef\u00f3nica, adapt\u00e1ndonos a...            <\/div>\r\n\r\n            \r\n        <\/div>\r\n\r\n        \n\t<\/div> <!-- .\/td-block-span4 --><\/div><!--.\/row-fluid--><\/div><\/div> <!-- .\/block --><\/div><\/div><\/div><\/div><\/div><\/div><\/div>","protected":false},"excerpt":{"rendered":"Opini\u00f3n La Inteligencia Artificial impacta en el empleo: 44.000 puestos menos en el sector tecnol\u00f3gico 29 de abril de 2026 Telef\u00f3nica CEV 28 de abril La salud laboral, un compromiso que se construye con UGT 28 de abril de 2026 Portada Frente al avance del algoritmo, el movimiento sindical europeo reivindica la gobernanza humana... 27 [...]","protected":false},"author":3,"featured_media":0,"parent":0,"menu_order":0,"comment_status":"closed","ping_status":"closed","template":"","meta":{"footnotes":""},"class_list":["post-857512","page","type-page","status-publish","hentry"],"yoast_head":"<!-- This site is optimized with the Yoast SEO Premium plugin v27.3 (Yoast SEO v27.4) - https:\/\/yoast.com\/product\/yoast-seo-premium-wordpress\/ -->\n<title>Sindicato UGT Comunicaciones<\/title>\n<meta name=\"description\" content=\"Conoce la actualidad laboral del Sector de las Comunicaciones. Telef\u00f3nica, Vodafone, Masorange, DIGI, Telyco, BT. Busca tu Convenio Colectivo.\" \/>\n<meta name=\"robots\" content=\"index, follow, max-snippet:-1, max-image-preview:large, max-video-preview:-1\" \/>\n<link rel=\"canonical\" href=\"https:\/\/www.ugtcomunicaciones.es\/wordpress\/\" \/>\n<meta property=\"og:locale\" content=\"es_ES\" \/>\n<meta property=\"og:type\" content=\"article\" \/>\n<meta property=\"og:title\" content=\"Sindicato UGT Comunicaciones Telef\u00f3nica Vodafone MasOrange Telyco DIGI\" \/>\n<meta property=\"og:description\" content=\"Conoce la actualidad laboral del Sector de las Comunicaciones. Telef\u00f3nica, Vodafone, Masorange, DIGI, Telyco, BT. Busca tu Convenio Colectivo.\" \/>\n<meta property=\"og:url\" content=\"https:\/\/www.ugtcomunicaciones.es\/wordpress\/\" \/>\n<meta property=\"og:site_name\" content=\"UGT Comunicaciones\" \/>\n<meta property=\"article:publisher\" content=\"https:\/\/www.facebook.com\/ugt.comunicaciones\/\" \/>\n<meta property=\"article:modified_time\" content=\"2025-11-24T09:27:31+00:00\" \/>\n<meta property=\"og:image\" content=\"https:\/\/www.ugtcomunicaciones.es\/wordpress\/wp-content\/uploads\/2021\/07\/cropped-logo_icon_web.png\" \/>\n\t<meta property=\"og:image:width\" content=\"512\" \/>\n\t<meta property=\"og:image:height\" content=\"512\" \/>\n\t<meta property=\"og:image:type\" content=\"image\/png\" \/>\n<meta name=\"twitter:card\" content=\"summary_large_image\" \/>\n<meta name=\"twitter:site\" content=\"@ugtcom\" \/>\n<meta name=\"twitter:label1\" content=\"Tiempo de lectura\" \/>\n\t<meta name=\"twitter:data1\" content=\"1 minuto\" \/>\n<script type=\"application\/ld+json\" class=\"yoast-schema-graph\">{\"@context\":\"https:\\\/\\\/schema.org\",\"@graph\":[{\"@type\":\"WebPage\",\"@id\":\"https:\\\/\\\/www.ugtcomunicaciones.es\\\/wordpress\\\/\",\"url\":\"https:\\\/\\\/www.ugtcomunicaciones.es\\\/wordpress\\\/\",\"name\":\"Sindicato UGT Comunicaciones\",\"isPartOf\":{\"@id\":\"https:\\\/\\\/www.ugtcomunicaciones.es\\\/wordpress\\\/#website\"},\"datePublished\":\"2021-07-08T14:08:10+00:00\",\"dateModified\":\"2025-11-24T09:27:31+00:00\",\"description\":\"Conoce la actualidad laboral del Sector de las Comunicaciones. Telef\u00f3nica, Vodafone, Masorange, DIGI, Telyco, BT. Busca tu Convenio Colectivo.\",\"breadcrumb\":{\"@id\":\"https:\\\/\\\/www.ugtcomunicaciones.es\\\/wordpress\\\/#breadcrumb\"},\"inLanguage\":\"es\",\"potentialAction\":[{\"@type\":\"ReadAction\",\"target\":[\"https:\\\/\\\/www.ugtcomunicaciones.es\\\/wordpress\\\/\"]}]},{\"@type\":\"BreadcrumbList\",\"@id\":\"https:\\\/\\\/www.ugtcomunicaciones.es\\\/wordpress\\\/#breadcrumb\",\"itemListElement\":[{\"@type\":\"ListItem\",\"position\":1,\"name\":\"Portada\",\"item\":\"https:\\\/\\\/www.ugtcomunicaciones.es\\\/wordpress\\\/\"},{\"@type\":\"ListItem\",\"position\":2,\"name\":\"Sindicato UGT Comunicaciones Telef\u00f3nica Vodafone MasOrange Telyco DIGI\"}]},{\"@type\":\"WebSite\",\"@id\":\"https:\\\/\\\/www.ugtcomunicaciones.es\\\/wordpress\\\/#website\",\"url\":\"https:\\\/\\\/www.ugtcomunicaciones.es\\\/wordpress\\\/\",\"name\":\"UGT Comunicaciones\",\"description\":\"Sindicato de Telecomunicaciones\",\"publisher\":{\"@id\":\"https:\\\/\\\/www.ugtcomunicaciones.es\\\/wordpress\\\/#organization\"},\"potentialAction\":[{\"@type\":\"SearchAction\",\"target\":{\"@type\":\"EntryPoint\",\"urlTemplate\":\"https:\\\/\\\/www.ugtcomunicaciones.es\\\/wordpress\\\/?s={search_term_string}\"},\"query-input\":{\"@type\":\"PropertyValueSpecification\",\"valueRequired\":true,\"valueName\":\"search_term_string\"}}],\"inLanguage\":\"es\"},{\"@type\":\"Organization\",\"@id\":\"https:\\\/\\\/www.ugtcomunicaciones.es\\\/wordpress\\\/#organization\",\"name\":\"UGT Comunicaciones\",\"url\":\"https:\\\/\\\/www.ugtcomunicaciones.es\\\/wordpress\\\/\",\"logo\":{\"@type\":\"ImageObject\",\"inLanguage\":\"es\",\"@id\":\"https:\\\/\\\/www.ugtcomunicaciones.es\\\/wordpress\\\/#\\\/schema\\\/logo\\\/image\\\/\",\"url\":\"https:\\\/\\\/www.ugtcomunicaciones.es\\\/wordpress\\\/wp-content\\\/uploads\\\/2024\\\/04\\\/comunicaciones_logo.png\",\"contentUrl\":\"https:\\\/\\\/www.ugtcomunicaciones.es\\\/wordpress\\\/wp-content\\\/uploads\\\/2024\\\/04\\\/comunicaciones_logo.png\",\"width\":298,\"height\":81,\"caption\":\"UGT Comunicaciones\"},\"image\":{\"@id\":\"https:\\\/\\\/www.ugtcomunicaciones.es\\\/wordpress\\\/#\\\/schema\\\/logo\\\/image\\\/\"},\"sameAs\":[\"https:\\\/\\\/www.facebook.com\\\/ugt.comunicaciones\\\/\",\"https:\\\/\\\/x.com\\\/ugtcom\"]}]}<\/script>\n<!-- \/ Yoast SEO Premium plugin. -->","yoast_head_json":{"title":"Sindicato UGT Comunicaciones","description":"Conoce la actualidad laboral del Sector de las Comunicaciones. Telef\u00f3nica, Vodafone, Masorange, DIGI, Telyco, BT. Busca tu Convenio Colectivo.","robots":{"index":"index","follow":"follow","max-snippet":"max-snippet:-1","max-image-preview":"max-image-preview:large","max-video-preview":"max-video-preview:-1"},"canonical":"https:\/\/www.ugtcomunicaciones.es\/wordpress\/","og_locale":"es_ES","og_type":"article","og_title":"Sindicato UGT Comunicaciones Telef\u00f3nica Vodafone MasOrange Telyco DIGI","og_description":"Conoce la actualidad laboral del Sector de las Comunicaciones. Telef\u00f3nica, Vodafone, Masorange, DIGI, Telyco, BT. Busca tu Convenio Colectivo.","og_url":"https:\/\/www.ugtcomunicaciones.es\/wordpress\/","og_site_name":"UGT Comunicaciones","article_publisher":"https:\/\/www.facebook.com\/ugt.comunicaciones\/","article_modified_time":"2025-11-24T09:27:31+00:00","og_image":[{"width":512,"height":512,"url":"https:\/\/www.ugtcomunicaciones.es\/wordpress\/wp-content\/uploads\/2021\/07\/cropped-logo_icon_web.png","type":"image\/png"}],"twitter_card":"summary_large_image","twitter_site":"@ugtcom","twitter_misc":{"Tiempo de lectura":"1 minuto"},"schema":{"@context":"https:\/\/schema.org","@graph":[{"@type":"WebPage","@id":"https:\/\/www.ugtcomunicaciones.es\/wordpress\/","url":"https:\/\/www.ugtcomunicaciones.es\/wordpress\/","name":"Sindicato UGT Comunicaciones","isPartOf":{"@id":"https:\/\/www.ugtcomunicaciones.es\/wordpress\/#website"},"datePublished":"2021-07-08T14:08:10+00:00","dateModified":"2025-11-24T09:27:31+00:00","description":"Conoce la actualidad laboral del Sector de las Comunicaciones. Telef\u00f3nica, Vodafone, Masorange, DIGI, Telyco, BT. Busca tu Convenio Colectivo.","breadcrumb":{"@id":"https:\/\/www.ugtcomunicaciones.es\/wordpress\/#breadcrumb"},"inLanguage":"es","potentialAction":[{"@type":"ReadAction","target":["https:\/\/www.ugtcomunicaciones.es\/wordpress\/"]}]},{"@type":"BreadcrumbList","@id":"https:\/\/www.ugtcomunicaciones.es\/wordpress\/#breadcrumb","itemListElement":[{"@type":"ListItem","position":1,"name":"Portada","item":"https:\/\/www.ugtcomunicaciones.es\/wordpress\/"},{"@type":"ListItem","position":2,"name":"Sindicato UGT Comunicaciones Telef\u00f3nica Vodafone MasOrange Telyco DIGI"}]},{"@type":"WebSite","@id":"https:\/\/www.ugtcomunicaciones.es\/wordpress\/#website","url":"https:\/\/www.ugtcomunicaciones.es\/wordpress\/","name":"UGT Comunicaciones","description":"Sindicato de Telecomunicaciones","publisher":{"@id":"https:\/\/www.ugtcomunicaciones.es\/wordpress\/#organization"},"potentialAction":[{"@type":"SearchAction","target":{"@type":"EntryPoint","urlTemplate":"https:\/\/www.ugtcomunicaciones.es\/wordpress\/?s={search_term_string}"},"query-input":{"@type":"PropertyValueSpecification","valueRequired":true,"valueName":"search_term_string"}}],"inLanguage":"es"},{"@type":"Organization","@id":"https:\/\/www.ugtcomunicaciones.es\/wordpress\/#organization","name":"UGT Comunicaciones","url":"https:\/\/www.ugtcomunicaciones.es\/wordpress\/","logo":{"@type":"ImageObject","inLanguage":"es","@id":"https:\/\/www.ugtcomunicaciones.es\/wordpress\/#\/schema\/logo\/image\/","url":"https:\/\/www.ugtcomunicaciones.es\/wordpress\/wp-content\/uploads\/2024\/04\/comunicaciones_logo.png","contentUrl":"https:\/\/www.ugtcomunicaciones.es\/wordpress\/wp-content\/uploads\/2024\/04\/comunicaciones_logo.png","width":298,"height":81,"caption":"UGT Comunicaciones"},"image":{"@id":"https:\/\/www.ugtcomunicaciones.es\/wordpress\/#\/schema\/logo\/image\/"},"sameAs":["https:\/\/www.facebook.com\/ugt.comunicaciones\/","https:\/\/x.com\/ugtcom"]}]}},"_links":{"self":[{"href":"https:\/\/www.ugtcomunicaciones.es\/wordpress\/wp-json\/wp\/v2\/pages\/857512","targetHints":{"allow":["GET"]}}],"collection":[{"href":"https:\/\/www.ugtcomunicaciones.es\/wordpress\/wp-json\/wp\/v2\/pages"}],"about":[{"href":"https:\/\/www.ugtcomunicaciones.es\/wordpress\/wp-json\/wp\/v2\/types\/page"}],"author":[{"embeddable":true,"href":"https:\/\/www.ugtcomunicaciones.es\/wordpress\/wp-json\/wp\/v2\/users\/3"}],"replies":[{"embeddable":true,"href":"https:\/\/www.ugtcomunicaciones.es\/wordpress\/wp-json\/wp\/v2\/comments?post=857512"}],"version-history":[{"count":14,"href":"https:\/\/www.ugtcomunicaciones.es\/wordpress\/wp-json\/wp\/v2\/pages\/857512\/revisions"}],"predecessor-version":[{"id":1067797,"href":"https:\/\/www.ugtcomunicaciones.es\/wordpress\/wp-json\/wp\/v2\/pages\/857512\/revisions\/1067797"}],"wp:attachment":[{"href":"https:\/\/www.ugtcomunicaciones.es\/wordpress\/wp-json\/wp\/v2\/media?parent=857512"}],"curies":[{"name":"wp","href":"https:\/\/api.w.org\/{rel}","templated":true}]}}